{"id":1001,"date":"2024-02-02T15:51:41","date_gmt":"2024-02-02T20:51:41","guid":{"rendered":"https:\/\/urbanindigedev.wpengine.com\/?page_id=1001"},"modified":"2024-05-09T12:39:16","modified_gmt":"2024-05-09T16:39:16","slug":"possibilites-de-financement","status":"publish","type":"page","link":"https:\/\/urbanindigenousactiongroup.ca\/fr\/possibilites-de-financement","title":{"rendered":"Possibilit\u00e9s de financement"},"content":{"rendered":"<p><div class=\"fusion-fullwidth fullwidth-box fusion-builder-row-1 fusion-flex-container has-pattern-background has-mask-background fusion-parallax-none titlebar-con nonhundred-percent-fullwidth non-hundred-percent-height-scrolling lazyload\" style=\"--awb-background-position:right top;--awb-border-radius-top-left:0px;--awb-border-radius-top-right:0px;--awb-border-radius-bottom-right:0px;--awb-border-radius-bottom-left:0px;--awb-padding-top:240px;--awb-padding-bottom:60px;--awb-padding-top-medium:100px;--awb-padding-bottom-medium:100px;--awb-padding-top-small:60px;--awb-padding-bottom-small:60px;--awb-background-size:cover;--awb-flex-wrap:wrap;\" data-bg=\"https:\/\/urbanindigenousactiongroup.ca\/wp-content\/uploads\/2024\/01\/Mask-Group-16.svg\" ><div class=\"fusion-builder-row fusion-row fusion-flex-align-items-flex-start fusion-flex-content-wrap\" style=\"max-width:1331.2px;margin-left: calc(-4% \/ 2 );margin-right: calc(-4% \/ 2 );\"><div class=\"fusion-layout-column fusion_builder_column fusion-builder-column-0 fusion_builder_column_1_1 1_1 fusion-flex-column\" style=\"--awb-bg-position:center center;--awb-bg-blend:screen;--awb-bg-size:contain;--awb-width-large:100%;--awb-margin-top-large:0px;--awb-spacing-right-large:1.92%;--awb-margin-bottom-large:0px;--awb-spacing-left-large:1.92%;--awb-width-medium:100%;--awb-order-medium:0;--awb-spacing-right-medium:1.92%;--awb-spacing-left-medium:1.92%;--awb-width-small:100%;--awb-order-small:0;--awb-spacing-right-small:1.92%;--awb-spacing-left-small:1.92%;\"><div class=\"fusion-column-wrapper fusion-column-has-shadow fusion-flex-justify-content-flex-start fusion-content-layout-column\"><div class=\"fusion-title title fusion-title-1 fusion-sep-none fusion-title-text fusion-title-size-one\"><h1 class=\"fusion-title-heading title-heading-left fusion-responsive-typography-calculated\" style=\"margin:0;--fontSize:48;line-height:1.4;\">Possibilit\u00e9s de financement<\/h1><\/div><div class=\"fusion-text fusion-text-1 large-p\" style=\"--awb-line-height:36px;\"><p>Voici une liste des opportunit\u00e9s de financement actuelles. Ces liens vous conduiront vers une fen\u00eatre s\u00e9par\u00e9e. <strong>Lorsque vous cliquez sur des liens externes, les utilisateurs doivent faire preuve de prudence et v\u00e9rifier la cr\u00e9dibilit\u00e9 et la s\u00e9curit\u00e9 du contenu li\u00e9.<\/strong><\/p>\n<\/div><\/div><\/div><\/div><\/div><div class=\"fusion-fullwidth fullwidth-box fusion-builder-row-2 fusion-flex-container has-pattern-background has-mask-background nonhundred-percent-fullwidth non-hundred-percent-height-scrolling\" style=\"--awb-border-radius-top-left:0px;--awb-border-radius-top-right:0px;--awb-border-radius-bottom-right:0px;--awb-border-radius-bottom-left:0px;--awb-padding-top:100px;--awb-padding-bottom:100px;--awb-padding-right-medium:20px;--awb-padding-left-medium:20px;--awb-flex-wrap:wrap;\" ><div class=\"fusion-builder-row fusion-row fusion-flex-align-items-stretch fusion-flex-content-wrap\" style=\"max-width:1331.2px;margin-left: calc(-4% \/ 2 );margin-right: calc(-4% \/ 2 );\"><div class=\"fusion-layout-column fusion_builder_column fusion-builder-column-1 fusion_builder_column_1_1 1_1 fusion-flex-column\" style=\"--awb-bg-size:cover;--awb-width-large:100%;--awb-margin-top-large:0px;--awb-spacing-right-large:1.92%;--awb-margin-bottom-large:0px;--awb-spacing-left-large:1.92%;--awb-width-medium:100%;--awb-order-medium:0;--awb-spacing-right-medium:1.92%;--awb-spacing-left-medium:1.92%;--awb-width-small:100%;--awb-order-small:0;--awb-spacing-right-small:1.92%;--awb-spacing-left-small:1.92%;\"><div class=\"fusion-column-wrapper fusion-column-has-shadow fusion-flex-justify-content-flex-start fusion-content-layout-column\"><div class=\"fusion-title title fusion-title-2 fusion-sep-none fusion-title-text fusion-title-size-two\"><h2 class=\"fusion-title-heading title-heading-left fusion-responsive-typography-calculated\" style=\"margin:0;--fontSize:42;line-height:1.5;\">Possibilit\u00e9s Nationaux<\/h2><\/div><\/div><\/div><div class=\"fusion-layout-column fusion_builder_column fusion-builder-column-2 fusion_builder_column_1_3 1_3 fusion-flex-column\" style=\"--awb-padding-top:24px;--awb-padding-right:24px;--awb-padding-bottom:24px;--awb-padding-left:24px;--awb-overflow:hidden;--awb-bg-color:#eff2ef;--awb-bg-color-hover:#eff2ef;--awb-bg-size:cover;--awb-border-radius:24px 24px 24px 24px;--awb-width-large:33.333333333333%;--awb-margin-top-large:0px;--awb-spacing-right-large:5.76%;--awb-margin-bottom-large:54px;--awb-spacing-left-large:5.76%;--awb-width-medium:100%;--awb-order-medium:0;--awb-spacing-right-medium:1.92%;--awb-spacing-left-medium:1.92%;--awb-width-small:100%;--awb-order-small:0;--awb-spacing-right-small:1.92%;--awb-spacing-left-small:1.92%;\"><div class=\"fusion-column-wrapper fusion-column-has-shadow fusion-flex-justify-content-flex-start fusion-content-layout-column\"><div class=\"fusion-text fusion-text-2\"><p><strong><a href=\"https:\/\/nichi.ca\/financement-de-lallocation\/?lang=fr\" target=\"_blank\" rel=\"noopener\">Allocation de financement<\/a><\/strong><\/p>\n<p><strong>Statut actuel<\/strong>: Ouvrir<\/p>\n<\/div><div class=\"fusion-text fusion-text-3 fundDetails\"><p>La National Indigenous Collaborative Housing Inc. (NICHI) a \u00e9t\u00e9 cr\u00e9\u00e9e en novembre 2022 par des fournisseurs de logements autochtones de tout le pays pour proposer des solutions de logement \u00ab Pour les Autochtones, par les Autochtones \u00bb (FIBI) aux peuples autochtones urbains, ruraux et du Nord. Nous accordons la priorit\u00e9 au logement en tant que droit humain dans le but de mettre en \u0153uvre une strat\u00e9gie nationale de logement autochtone en milieu urbain, rural et nordique (URN) enti\u00e8rement dirig\u00e9e par les Autochtones. NICHI milite en faveur de logements communautaires holistiques et dot\u00e9s de services qui responsabilisent les communaut\u00e9s autochtones.<\/p>\n<\/div><\/div><\/div><div class=\"fusion-layout-column fusion_builder_column fusion-builder-column-3 fusion_builder_column_1_3 1_3 fusion-flex-column\" style=\"--awb-padding-top:24px;--awb-padding-right:24px;--awb-padding-bottom:24px;--awb-padding-left:24px;--awb-overflow:hidden;--awb-bg-color:#eff2ef;--awb-bg-color-hover:#eff2ef;--awb-bg-size:cover;--awb-border-radius:24px 24px 24px 24px;--awb-width-large:33.333333333333%;--awb-margin-top-large:0px;--awb-spacing-right-large:5.76%;--awb-margin-bottom-large:54px;--awb-spacing-left-large:5.76%;--awb-width-medium:100%;--awb-order-medium:0;--awb-spacing-right-medium:1.92%;--awb-spacing-left-medium:1.92%;--awb-width-small:100%;--awb-order-small:0;--awb-spacing-right-small:1.92%;--awb-spacing-left-small:1.92%;\"><div class=\"fusion-column-wrapper fusion-column-has-shadow fusion-flex-justify-content-flex-start fusion-content-layout-column\"><div class=\"fusion-text fusion-text-4\"><p><strong><a href=\"https:\/\/www.canada.ca\/fr\/patrimoine-canadien\/services\/financement\/fonds-canada-formation-arts.html\" target=\"_blank\" rel=\"noopener\">Fonds de formation artistique du Canada<\/a><\/strong><\/p>\n<p><strong>Statut actuel<\/strong>: Ouvrir<\/p>\n<\/div><div class=\"fusion-text fusion-text-5 fundDetails\"><p>Le Fonds du Canada pour la formation dans le secteur des arts (FCFSA) appuie la formation en arts au Canada. Le FCFSA offre du soutien financier aux op\u00e9rations des organismes artistiques canadiens qui se sp\u00e9cialisent dans la formation d&rsquo;artistes se destinant \u00e0 une carri\u00e8re artistique professionnelle nationale ou internationale aux plus hauts niveaux.<\/p>\n<\/div><\/div><\/div><div class=\"fusion-layout-column fusion_builder_column fusion-builder-column-4 fusion_builder_column_1_3 1_3 fusion-flex-column\" style=\"--awb-padding-top:24px;--awb-padding-right:24px;--awb-padding-bottom:24px;--awb-padding-left:24px;--awb-overflow:hidden;--awb-bg-color:#eff2ef;--awb-bg-color-hover:#eff2ef;--awb-bg-size:cover;--awb-border-radius:24px 24px 24px 24px;--awb-width-large:33.333333333333%;--awb-margin-top-large:0px;--awb-spacing-right-large:5.76%;--awb-margin-bottom-large:54px;--awb-spacing-left-large:5.76%;--awb-width-medium:100%;--awb-order-medium:0;--awb-spacing-right-medium:1.92%;--awb-spacing-left-medium:1.92%;--awb-width-small:100%;--awb-order-small:0;--awb-spacing-right-small:1.92%;--awb-spacing-left-small:1.92%;\"><div class=\"fusion-column-wrapper fusion-column-has-shadow fusion-flex-justify-content-flex-start fusion-content-layout-column\"><div class=\"fusion-text fusion-text-6\"><p><strong><a href=\"https:\/\/www.canada.ca\/fr\/patrimoine-canadien\/services\/financement\/fonds-presentation-arts\/programmation-organismes-appui-diffusion.html\" target=\"_blank\" rel=\"noopener\">Fonds canadien pour la pr\u00e9sentation des arts &#8211; Soutien aux organismes pr\u00e9sentateurs<\/a><\/strong><\/p>\n<p><strong>Statut actuel<\/strong>: Ouvrir<\/p>\n<\/div><div class=\"fusion-text fusion-text-7 fundDetails\"><p>Le sous-volet Organismes d&rsquo;appui \u00e0 la diffusion du Fonds du Canada pour la pr\u00e9sentation des arts fournit une aide financi\u00e8re aux organismes qui offrent des activit\u00e9s et services aux diffuseurs artistiques (diffuseurs de festivals artistiques et diffuseurs de saisons de spectacles professionnels) afin de renforcer le secteur de la diffusion des arts. Gr\u00e2ce au soutien strat\u00e9gique et cibl\u00e9 offert aux organismes d&rsquo;appui \u00e0 la diffusion, les diffuseurs artistiques sont davantage en mesure d&rsquo;atteindre l&rsquo;objectif du FCPA et de continuer \u00e0 \u00e9voluer sur le plan professionnel dans leur domaine.<\/p>\n<\/div><\/div><\/div><div class=\"fusion-layout-column fusion_builder_column fusion-builder-column-5 fusion_builder_column_1_3 1_3 fusion-flex-column\" style=\"--awb-padding-top:24px;--awb-padding-right:24px;--awb-padding-bottom:24px;--awb-padding-left:24px;--awb-overflow:hidden;--awb-bg-color:#eff2ef;--awb-bg-color-hover:#eff2ef;--awb-bg-size:cover;--awb-border-radius:24px 24px 24px 24px;--awb-width-large:33.333333333333%;--awb-margin-top-large:0px;--awb-spacing-right-large:5.76%;--awb-margin-bottom-large:54px;--awb-spacing-left-large:5.76%;--awb-width-medium:100%;--awb-order-medium:0;--awb-spacing-right-medium:1.92%;--awb-spacing-left-medium:1.92%;--awb-width-small:100%;--awb-order-small:0;--awb-spacing-right-small:1.92%;--awb-spacing-left-small:1.92%;\"><div class=\"fusion-column-wrapper fusion-column-has-shadow fusion-flex-justify-content-flex-start fusion-content-layout-column\"><div class=\"fusion-text fusion-text-8\"><p><strong><a href=\"https:\/\/femmes-egalite-genres.canada.ca\/fr\/financement\/programmes-financement\/fonds-opportunites-economiques-leadership-renforcement-capacites-femmes\/apropos.html\" target=\"_blank\" rel=\"noopener\">Appels \u00e0 propositions ouverts : \u00c0 propos de ces appels \u00e0 propositions &#8211; Condition f\u00e9minine et \u00c9galit\u00e9 des genres Canada<\/a><\/strong><\/p>\n<p><strong>Statut actuel<\/strong>: Ouvrir<\/p>\n<\/div><div class=\"fusion-text fusion-text-9 fundDetails\"><p>Femmes et \u00c9galit\u00e9 des genres Canada (FEGC) s\u2019emploie \u00e0 faire avancer l\u2019\u00e9galit\u00e9 en ce qui concerne le sexe, l\u2019orientation sexuelle et l\u2019identit\u00e9 ou l\u2019expression de genre par l\u2019inclusion des personnes de tous les genres, y compris les femmes, dans la vie \u00e9conomique, sociale et politique du Canada.<\/p>\n<\/div><\/div><\/div><div class=\"fusion-layout-column fusion_builder_column fusion-builder-column-6 fusion_builder_column_1_3 1_3 fusion-flex-column\" style=\"--awb-padding-top:24px;--awb-padding-right:24px;--awb-padding-bottom:24px;--awb-padding-left:24px;--awb-overflow:hidden;--awb-bg-color:#eff2ef;--awb-bg-color-hover:#eff2ef;--awb-bg-size:cover;--awb-border-radius:24px 24px 24px 24px;--awb-width-large:33.333333333333%;--awb-margin-top-large:0px;--awb-spacing-right-large:5.76%;--awb-margin-bottom-large:54px;--awb-spacing-left-large:5.76%;--awb-width-medium:100%;--awb-order-medium:0;--awb-spacing-right-medium:1.92%;--awb-spacing-left-medium:1.92%;--awb-width-small:100%;--awb-order-small:0;--awb-spacing-right-small:1.92%;--awb-spacing-left-small:1.92%;\"><div class=\"fusion-column-wrapper fusion-column-has-shadow fusion-flex-justify-content-flex-start fusion-content-layout-column\"><div class=\"fusion-text fusion-text-10\"><p><strong><a href=\"https:\/\/www.canada.ca\/fr\/patrimoine-canadien\/services\/financement\/commemoration-canada\/sequelles-pensionnats-indiens.html\" target=\"_blank\" rel=\"noopener\">Comm\u00e9moration de la Journ\u00e9e nationale de la v\u00e9rit\u00e9 et de la r\u00e9conciliation<\/a><\/strong><\/p>\n<p><strong>Statut actuel<\/strong>: Ferm\u00e9<\/p>\n<\/div><div class=\"fusion-text fusion-text-11 fundDetails\"><p>Le volet Journ\u00e9e nationale de la v\u00e9rit\u00e9 et de la r\u00e9conciliation du programme Comm\u00e9moration Canada fournit du financement (jusqu\u2019\u00e0 un maximum de 10 000 $ par organisme) aux b\u00e9n\u00e9ficiaires admissibles pour des initiatives qui encouragent la sensibilisation \u00e0 la Journ\u00e9e nationale de la v\u00e9rit\u00e9 et de la r\u00e9conciliation (30 septembre).<\/p>\n<\/div><\/div><\/div><div class=\"fusion-layout-column fusion_builder_column fusion-builder-column-7 fusion_builder_column_1_3 1_3 fusion-flex-column\" style=\"--awb-padding-top:30px;--awb-padding-right:20px;--awb-padding-bottom:20px;--awb-padding-left:20px;--awb-overflow:hidden;--awb-bg-color:#eff2ef;--awb-bg-color-hover:#eff2ef;--awb-bg-size:cover;--awb-border-radius:24px 24px 24px 24px;--awb-width-large:33.333333333333%;--awb-margin-top-large:0px;--awb-spacing-right-large:5.76%;--awb-margin-bottom-large:54px;--awb-spacing-left-large:5.76%;--awb-width-medium:100%;--awb-order-medium:0;--awb-spacing-right-medium:1.92%;--awb-spacing-left-medium:1.92%;--awb-width-small:100%;--awb-order-small:0;--awb-spacing-right-small:1.92%;--awb-spacing-left-small:1.92%;\"><div class=\"fusion-column-wrapper fusion-column-has-shadow fusion-flex-justify-content-flex-start fusion-content-layout-column\"><div class=\"fusion-text fusion-text-12\"><p><strong><a href=\"https:\/\/www.canada.ca\/fr\/patrimoine-canadien\/services\/financement\/fonds-espaces-culturels.html\" target=\"_blank\" rel=\"noopener\">Fonds canadien pour les espaces culturels<\/a><\/strong><\/p>\n<p><strong>Statut actuel<\/strong>: Ouvrir<\/p>\n<\/div><div class=\"fusion-text fusion-text-13 fundDetails\"><p>Le FCEC contribue \u00e0 am\u00e9liorer les conditions mat\u00e9rielles qui favorisent l&rsquo;innovation dans les milieux artistique, patrimonial et cr\u00e9atif. Le Fonds appuie des projets de r\u00e9novation et de construction ainsi que l\u2019acquisition d\u2019\u00e9quipement sp\u00e9cialis\u00e9 et la r\u00e9alisation d\u2019\u00e9tudes de faisabilit\u00e9 reli\u00e9es aux espaces culturels.<\/p>\n<\/div><\/div><\/div><div class=\"fusion-layout-column fusion_builder_column fusion-builder-column-8 fusion_builder_column_1_3 1_3 fusion-flex-column\" style=\"--awb-padding-top:30px;--awb-padding-right:20px;--awb-padding-bottom:20px;--awb-padding-left:20px;--awb-overflow:hidden;--awb-bg-color:#eff2ef;--awb-bg-color-hover:#eff2ef;--awb-bg-size:cover;--awb-border-radius:24px 24px 24px 24px;--awb-width-large:33.333333333333%;--awb-margin-top-large:0px;--awb-spacing-right-large:5.76%;--awb-margin-bottom-large:54px;--awb-spacing-left-large:5.76%;--awb-width-medium:100%;--awb-order-medium:0;--awb-spacing-right-medium:1.92%;--awb-spacing-left-medium:1.92%;--awb-width-small:100%;--awb-order-small:0;--awb-spacing-right-small:1.92%;--awb-spacing-left-small:1.92%;\"><div class=\"fusion-column-wrapper fusion-column-has-shadow fusion-flex-justify-content-flex-start fusion-content-layout-column\"><div class=\"fusion-text fusion-text-14\"><p><strong><a href=\"https:\/\/iso-bea.ca\/fr\/financement-du-bea\/\" target=\"_blank\" rel=\"noopener\">Possibilit\u00e9s de financement<\/a><\/strong><\/p>\n<p><strong>Statut actuel<\/strong>: Ouvrir<\/p>\n<\/div><div class=\"fusion-text fusion-text-15 fundDetails\"><p>Nous soutenons les talents, les communaut\u00e9s et les entreprises autochtones dans le d\u00e9veloppement, la production et le marketing de contenus sur \u00e9cran. Nous aidons nos partenaires \u00e0 mettre en place un secteur et une main-d\u2019\u0153uvre autochtones solides dans le domaine des \u00e9crans. Nous aidons nos partenaires \u00e0 mettre en place un secteur et une main-d\u2019\u0153uvre autochtones solides dans le domaine des \u00e9crans.<\/p>\n<\/div><\/div><\/div><div class=\"fusion-layout-column fusion_builder_column fusion-builder-column-9 fusion_builder_column_1_3 1_3 fusion-flex-column\" style=\"--awb-padding-top:30px;--awb-padding-right:20px;--awb-padding-bottom:20px;--awb-padding-left:20px;--awb-overflow:hidden;--awb-bg-color:#eff2ef;--awb-bg-color-hover:#eff2ef;--awb-bg-size:cover;--awb-border-radius:24px 24px 24px 24px;--awb-width-large:33.333333333333%;--awb-margin-top-large:0px;--awb-spacing-right-large:5.76%;--awb-margin-bottom-large:54px;--awb-spacing-left-large:5.76%;--awb-width-medium:100%;--awb-order-medium:0;--awb-spacing-right-medium:1.92%;--awb-spacing-left-medium:1.92%;--awb-width-small:100%;--awb-order-small:0;--awb-spacing-right-small:1.92%;--awb-spacing-left-small:1.92%;\"><div class=\"fusion-column-wrapper fusion-column-has-shadow fusion-flex-justify-content-flex-start fusion-content-layout-column\"><div class=\"fusion-text fusion-text-16\"><p><strong><a href=\"https:\/\/www.canada.ca\/fr\/patrimoine-canadien\/services\/financement\/soutien-sport\/deuxieme-composante.html\" target=\"_blank\" rel=\"noopener\">Deuxi\u00e8me composante &#8211; Sport pour le d\u00e9veloppement social dans les communaut\u00e9s Autochtones<\/a><\/strong><\/p>\n<p><strong>Statut actuel<\/strong>: Ferm\u00e9<\/p>\n<\/div><div class=\"fusion-text fusion-text-17 fundDetails\"><p>La deuxi\u00e8me composante du volet Sport au service du d\u00e9veloppement social dans les communaut\u00e9s autochtones (SSDSCA) du Programme de soutien au sport (PSS) fournit du financement aux gouvernements, aux communaut\u00e9s et aux organismes \u00e0 but non lucratif autochtones pour la livraison de projets de sport et de loisirs pour les populations autochtones au Canada qui r\u00e9pondent aux besoins et aux priorit\u00e9s des populations autochtones identifi\u00e9s par les communaut\u00e9s.<\/p>\n<\/div><\/div><\/div><\/div><\/div><div class=\"fusion-fullwidth fullwidth-box fusion-builder-row-3 fusion-flex-container has-pattern-background has-mask-background fusion-parallax-none nonhundred-percent-fullwidth non-hundred-percent-height-scrolling lazyload\" style=\"--awb-border-radius-top-left:0px;--awb-border-radius-top-right:0px;--awb-border-radius-bottom-right:0px;--awb-border-radius-bottom-left:0px;--awb-padding-top:100px;--awb-padding-bottom:100px;--awb-margin-bottom:0px;--awb-background-color:var(--awb-custom10);--awb-background-image:linear-gradient(90deg, var(--awb-custom10) 25%,rgba(153,101,54,0.6) 100%);;--awb-background-size:cover;--awb-flex-wrap:wrap;\" data-bg=\"https:\/\/urbanindigenousactiongroup.ca\/wp-content\/uploads\/2024\/01\/Path-286.svg\" data-bg-gradient=\"linear-gradient(90deg, var(--awb-custom10) 25%,rgba(153,101,54,0.6) 100%)\" ><div class=\"fusion-builder-row fusion-row fusion-flex-align-items-stretch fusion-flex-content-wrap\" style=\"max-width:1331.2px;margin-left: calc(-4% \/ 2 );margin-right: calc(-4% \/ 2 );\"><div class=\"fusion-layout-column fusion_builder_column fusion-builder-column-10 fusion_builder_column_1_1 1_1 fusion-flex-column\" style=\"--awb-bg-size:cover;--awb-width-large:100%;--awb-margin-top-large:0px;--awb-spacing-right-large:1.92%;--awb-margin-bottom-large:0px;--awb-spacing-left-large:1.92%;--awb-width-medium:100%;--awb-order-medium:0;--awb-spacing-right-medium:1.92%;--awb-spacing-left-medium:1.92%;--awb-width-small:100%;--awb-order-small:0;--awb-spacing-right-small:1.92%;--awb-spacing-left-small:1.92%;\"><div class=\"fusion-column-wrapper fusion-column-has-shadow fusion-flex-justify-content-flex-start fusion-content-layout-column\"><div class=\"fusion-title title fusion-title-3 fusion-sep-none fusion-title-text fusion-title-size-two\" style=\"--awb-text-color:var(--awb-custom12);\"><h2 class=\"fusion-title-heading title-heading-left fusion-responsive-typography-calculated\" style=\"margin:0;--fontSize:42;line-height:1.5;\">Saskatchewan<\/h2><\/div><\/div><\/div><div class=\"fusion-layout-column fusion_builder_column fusion-builder-column-11 fusion_builder_column_1_3 1_3 fusion-flex-column\" style=\"--awb-padding-top:24px;--awb-padding-right:24px;--awb-padding-bottom:24px;--awb-padding-left:24px;--awb-overflow:hidden;--awb-bg-color:#eff2ef;--awb-bg-color-hover:#eff2ef;--awb-bg-size:cover;--awb-border-radius:24px 24px 24px 24px;--awb-width-large:33.333333333333%;--awb-margin-top-large:0px;--awb-spacing-right-large:5.76%;--awb-margin-bottom-large:54px;--awb-spacing-left-large:5.76%;--awb-width-medium:100%;--awb-order-medium:0;--awb-spacing-right-medium:1.92%;--awb-spacing-left-medium:1.92%;--awb-width-small:100%;--awb-order-small:0;--awb-spacing-right-small:1.92%;--awb-spacing-left-small:1.92%;\"><div class=\"fusion-column-wrapper fusion-column-has-shadow fusion-flex-justify-content-flex-start fusion-content-layout-column\"><div class=\"fusion-text fusion-text-18\"><p><strong><a href=\"https:\/\/www.saskatchewan.ca\/government\/news-and-media\/2023\/september\/06\/apply-now-for-missing-and-murdered-indigenous-women-and-girls-community-response-fund\" target=\"_blank\" rel=\"noopener\">Appliquez d\u00e8s maintenant pour le Fonds de r\u00e9ponse communautaire aux femmes et aux filles <\/a><\/strong><\/p>\n<p><strong>Statut actuel<\/strong>: Ouvrir<\/p>\n<\/div><div class=\"fusion-text fusion-text-19 fundDetails\"><p>The deadline is approaching to apply for the Missing and Murdered Indigenous Women and Girls+ (MMIWG+) Community Response Fund. More than $400,000 is available to support grassroots efforts to prevent violence and create safety for Indigenous women and girls+ in Saskatchewan. The MMIWG+ Community Response Fund was created in collaboration with Indigenous women who have lived experience in violence prevention, advocacy and mental health. The fund is dedicated to providing financial support for communities and organizations to support programs and events benefitting Indigenous women, girls, and Two-Spirit individuals, fostering positive change and healing.<\/p>\n<\/div><\/div><\/div><\/div><\/div><div class=\"fusion-fullwidth fullwidth-box fusion-builder-row-4 fusion-flex-container has-pattern-background has-mask-background fusion-parallax-none nonhundred-percent-fullwidth non-hundred-percent-height-scrolling lazyload\" style=\"--awb-background-position:left bottom;--awb-border-radius-top-left:0px;--awb-border-radius-top-right:0px;--awb-border-radius-bottom-right:0px;--awb-border-radius-bottom-left:0px;--awb-padding-top:100px;--awb-padding-bottom:100px;--awb-background-size:50vh;--awb-flex-wrap:wrap;\" data-bg=\"https:\/\/urbanindigenousactiongroup.ca\/wp-content\/uploads\/2024\/01\/Group-13.svg\" ><div class=\"fusion-builder-row fusion-row fusion-flex-align-items-stretch fusion-flex-content-wrap\" style=\"max-width:1331.2px;margin-left: calc(-4% \/ 2 );margin-right: calc(-4% \/ 2 );\"><div class=\"fusion-layout-column fusion_builder_column fusion-builder-column-12 fusion_builder_column_1_1 1_1 fusion-flex-column\" style=\"--awb-bg-size:cover;--awb-width-large:100%;--awb-margin-top-large:0px;--awb-spacing-right-large:1.92%;--awb-margin-bottom-large:0px;--awb-spacing-left-large:1.92%;--awb-width-medium:100%;--awb-order-medium:0;--awb-spacing-right-medium:1.92%;--awb-spacing-left-medium:1.92%;--awb-width-small:100%;--awb-order-small:0;--awb-spacing-right-small:1.92%;--awb-spacing-left-small:1.92%;\"><div class=\"fusion-column-wrapper fusion-column-has-shadow fusion-flex-justify-content-flex-start fusion-content-layout-column\"><div class=\"fusion-title title fusion-title-4 fusion-sep-none fusion-title-text fusion-title-size-two\"><h2 class=\"fusion-title-heading title-heading-left fusion-responsive-typography-calculated\" style=\"margin:0;--fontSize:42;line-height:1.5;\">Ontario<\/h2><\/div><\/div><\/div><div class=\"fusion-layout-column fusion_builder_column fusion-builder-column-13 fusion_builder_column_1_3 1_3 fusion-flex-column\" style=\"--awb-padding-top:24px;--awb-padding-right:24px;--awb-padding-bottom:24px;--awb-padding-left:24px;--awb-overflow:hidden;--awb-bg-color:#eff2ef;--awb-bg-color-hover:#eff2ef;--awb-bg-size:cover;--awb-border-radius:24px 24px 24px 24px;--awb-width-large:33.333333333333%;--awb-margin-top-large:0px;--awb-spacing-right-large:5.76%;--awb-margin-bottom-large:54px;--awb-spacing-left-large:5.76%;--awb-width-medium:100%;--awb-order-medium:0;--awb-spacing-right-medium:1.92%;--awb-spacing-left-medium:1.92%;--awb-width-small:100%;--awb-order-small:0;--awb-spacing-right-small:1.92%;--awb-spacing-left-small:1.92%;\"><div class=\"fusion-column-wrapper fusion-column-has-shadow fusion-flex-justify-content-flex-start fusion-content-layout-column\"><div class=\"fusion-text fusion-text-20\"><p><strong><a href=\"https:\/\/www.ontario.ca\/fr\/page\/possibilites-de-financement-offertes-par-le-gouvernement-de-lontario\" target=\"_blank\" rel=\"noopener\">Opportunit\u00e9s de financement disponibles du gouvernement de l&rsquo;Ontario<\/a><\/strong><\/p>\n<p><strong>Statut actuel<\/strong>: Ouvrir<\/p>\n<\/div><div class=\"fusion-text fusion-text-21 fundDetails\"><p>D\u00e9couvrez le financement actuellement offert par le gouvernement de l&rsquo;Ontario, si vous y avez droit et ce qu\u2019il vous faut pour pr\u00e9senter.<\/p>\n<\/div><\/div><\/div><\/div><\/div><div class=\"fusion-fullwidth fullwidth-box fusion-builder-row-5 fusion-flex-container has-pattern-background has-mask-background fusion-parallax-none nonhundred-percent-fullwidth non-hundred-percent-height-scrolling lazyload\" style=\"--awb-border-radius-top-left:0px;--awb-border-radius-top-right:0px;--awb-border-radius-bottom-right:0px;--awb-border-radius-bottom-left:0px;--awb-padding-top:100px;--awb-padding-bottom:100px;--awb-margin-top:100px;--awb-background-color:var(--awb-color7);--awb-background-image:linear-gradient(90deg, var(--awb-color7) 25%,rgba(97,120,143,0.6) 100%);;--awb-background-size:cover;--awb-flex-wrap:wrap;\" data-bg=\"https:\/\/urbanindigenousactiongroup.ca\/wp-content\/uploads\/2024\/01\/Path-287.svg\" data-bg-gradient=\"linear-gradient(90deg, var(--awb-color7) 25%,rgba(97,120,143,0.6) 100%)\" ><div class=\"fusion-builder-row fusion-row fusion-flex-align-items-stretch fusion-flex-content-wrap\" style=\"max-width:1331.2px;margin-left: calc(-4% \/ 2 );margin-right: calc(-4% \/ 2 );\"><div class=\"fusion-layout-column fusion_builder_column fusion-builder-column-14 fusion_builder_column_1_1 1_1 fusion-flex-column\" style=\"--awb-bg-size:cover;--awb-width-large:100%;--awb-margin-top-large:0px;--awb-spacing-right-large:1.92%;--awb-margin-bottom-large:0px;--awb-spacing-left-large:1.92%;--awb-width-medium:100%;--awb-order-medium:0;--awb-spacing-right-medium:1.92%;--awb-spacing-left-medium:1.92%;--awb-width-small:100%;--awb-order-small:0;--awb-spacing-right-small:1.92%;--awb-spacing-left-small:1.92%;\"><div class=\"fusion-column-wrapper fusion-column-has-shadow fusion-flex-justify-content-flex-start fusion-content-layout-column\"><div class=\"fusion-title title fusion-title-5 fusion-sep-none fusion-title-text fusion-title-size-two\" style=\"--awb-text-color:var(--awb-custom12);\"><h2 class=\"fusion-title-heading title-heading-left fusion-responsive-typography-calculated\" style=\"margin:0;--fontSize:42;line-height:1.5;\">Qu\u00e9bec<\/h2><\/div><\/div><\/div><div class=\"fusion-layout-column fusion_builder_column fusion-builder-column-15 fusion_builder_column_1_3 1_3 fusion-flex-column\" style=\"--awb-padding-top:24px;--awb-padding-right:24px;--awb-padding-bottom:24px;--awb-padding-left:24px;--awb-overflow:hidden;--awb-bg-color:#eff2ef;--awb-bg-color-hover:#eff2ef;--awb-bg-size:cover;--awb-border-radius:24px 24px 24px 24px;--awb-width-large:33.333333333333%;--awb-margin-top-large:0px;--awb-spacing-right-large:5.76%;--awb-margin-bottom-large:54px;--awb-spacing-left-large:5.76%;--awb-width-medium:100%;--awb-order-medium:0;--awb-spacing-right-medium:1.92%;--awb-spacing-left-medium:1.92%;--awb-width-small:100%;--awb-order-small:0;--awb-spacing-right-small:1.92%;--awb-spacing-left-small:1.92%;\"><div class=\"fusion-column-wrapper fusion-column-has-shadow fusion-flex-justify-content-flex-start fusion-content-layout-column\"><div class=\"fusion-text fusion-text-22\"><p><strong><a href=\"https:\/\/www.quebec.ca\/culture\/aide-financiere\/aide-aux-projets-appel\/aide-projets-pour-autochtones\/appel-projets-autochtones\" target=\"_blank\" rel=\"noopener\">Appel \u00e0 projets de d\u00e9veloppement culturel autochtone | Gouvernement du Qu\u00e9bec<\/a><\/strong><\/p>\n<p><strong>Statut actuel<\/strong>: Ouvrir<\/p>\n<\/div><div class=\"fusion-text fusion-text-23 fundDetails\"><p>Le programme Appel de projets pour les Autochtones vise \u00e0 accro\u00eetre l\u2019offre d\u2019activit\u00e9s, de services et de biens pouvant contribuer significativement \u00e0 l\u2019atteinte des objectifs du Minist\u00e8re en ce qui a trait \u00e0 la consolidation et au d\u00e9veloppement des cultures autochtones et des communications. Il vise \u00e9galement \u00e0 r\u00e9aliser les objectifs du Plan d&rsquo;action gouvernemental pour le mieux-\u00eatre social et culturel des Premi\u00e8res Nations et des Inuit 2022-2027.<\/p>\n<\/div><\/div><\/div><\/div><\/div><div class=\"fusion-fullwidth fullwidth-box fusion-builder-row-6 fusion-flex-container has-pattern-background has-mask-background fusion-parallax-none nonhundred-percent-fullwidth non-hundred-percent-height-scrolling lazyload\" style=\"--awb-background-position:right center;--awb-border-radius-top-left:0px;--awb-border-radius-top-right:0px;--awb-border-radius-bottom-right:0px;--awb-border-radius-bottom-left:0px;--awb-padding-top:0px;--awb-padding-bottom:100px;--awb-margin-top:100px;--awb-background-size:50vh;--awb-flex-wrap:wrap;\" data-bg=\"https:\/\/urbanindigenousactiongroup.ca\/wp-content\/uploads\/2024\/01\/Group-10.svg\" ><div class=\"fusion-builder-row fusion-row fusion-flex-align-items-stretch fusion-flex-content-wrap\" style=\"max-width:1331.2px;margin-left: calc(-4% \/ 2 );margin-right: calc(-4% \/ 2 );\"><div class=\"fusion-layout-column fusion_builder_column fusion-builder-column-16 fusion_builder_column_1_1 1_1 fusion-flex-column\" style=\"--awb-bg-size:cover;--awb-width-large:100%;--awb-margin-top-large:0px;--awb-spacing-right-large:1.92%;--awb-margin-bottom-large:0px;--awb-spacing-left-large:1.92%;--awb-width-medium:100%;--awb-order-medium:0;--awb-spacing-right-medium:1.92%;--awb-spacing-left-medium:1.92%;--awb-width-small:100%;--awb-order-small:0;--awb-spacing-right-small:1.92%;--awb-spacing-left-small:1.92%;\"><div class=\"fusion-column-wrapper fusion-column-has-shadow fusion-flex-justify-content-flex-start fusion-content-layout-column\"><div class=\"fusion-title title fusion-title-6 fusion-sep-none fusion-title-text fusion-title-size-two\"><h2 class=\"fusion-title-heading title-heading-left fusion-responsive-typography-calculated\" style=\"margin:0;--fontSize:42;line-height:1.5;\">Nouveau-Brunswick<\/h2><\/div><\/div><\/div><div class=\"fusion-layout-column fusion_builder_column fusion-builder-column-17 fusion_builder_column_1_3 1_3 fusion-flex-column\" style=\"--awb-padding-top:24px;--awb-padding-right:24px;--awb-padding-bottom:24px;--awb-padding-left:24px;--awb-overflow:hidden;--awb-bg-color:#eff2ef;--awb-bg-color-hover:#eff2ef;--awb-bg-size:cover;--awb-border-radius:24px 24px 24px 24px;--awb-width-large:33.333333333333%;--awb-margin-top-large:0px;--awb-spacing-right-large:5.76%;--awb-margin-bottom-large:54px;--awb-spacing-left-large:5.76%;--awb-width-medium:100%;--awb-order-medium:0;--awb-spacing-right-medium:1.92%;--awb-margin-bottom-medium:60px;--awb-spacing-left-medium:1.92%;--awb-width-small:100%;--awb-order-small:0;--awb-spacing-right-small:1.92%;--awb-spacing-left-small:1.92%;\"><div class=\"fusion-column-wrapper fusion-column-has-shadow fusion-flex-justify-content-flex-start fusion-content-layout-column\"><div class=\"fusion-text fusion-text-24\"><p><strong><a href=\"https:\/\/www2.gnb.ca\/content\/gnb\/fr\/ministeres\/developpement_regional\/services\/services_renderer.201492.Fonds_d_investissement_communautaire_(FIC).html\" target=\"_blank\" rel=\"noopener\">Fonds d&rsquo;investissement communautaire (FIC)<\/a><\/strong><\/p>\n<p><strong>Statut actuel<\/strong>: Ouvrir<\/p>\n<\/div><div class=\"fusion-text fusion-text-25 fundDetails\"><p>Lors de l\u2019examen des propositions demandant une aide financi\u00e8re, toutes les initiatives doivent satisfaire aux exigences d\u2019admissibilit\u00e9; et d\u00e9montrer la viabilit\u00e9 financi\u00e8re du projet et de l\u2019organisation.<\/p>\n<\/div><\/div><\/div><div class=\"fusion-layout-column fusion_builder_column fusion-builder-column-18 fusion_builder_column_1_3 1_3 fusion-flex-column\" style=\"--awb-padding-top:24px;--awb-padding-right:24px;--awb-padding-bottom:24px;--awb-padding-left:24px;--awb-overflow:hidden;--awb-bg-color:#eff2ef;--awb-bg-color-hover:#eff2ef;--awb-bg-size:cover;--awb-border-radius:24px 24px 24px 24px;--awb-width-large:33.333333333333%;--awb-margin-top-large:0px;--awb-spacing-right-large:5.76%;--awb-margin-bottom-large:54px;--awb-spacing-left-large:5.76%;--awb-width-medium:100%;--awb-order-medium:0;--awb-spacing-right-medium:1.92%;--awb-margin-bottom-medium:60px;--awb-spacing-left-medium:1.92%;--awb-width-small:100%;--awb-order-small:0;--awb-spacing-right-small:1.92%;--awb-spacing-left-small:1.92%;\"><div class=\"fusion-column-wrapper fusion-column-has-shadow fusion-flex-justify-content-flex-start fusion-content-layout-column\"><div class=\"fusion-text fusion-text-26\"><p><strong><a href=\"https:\/\/www2.gnb.ca\/content\/gnb\/fr\/services\/services_renderer.15036.Programme_de_subventions_des_affaires_autochtones_.html\" target=\"_blank\" rel=\"noopener\">Programme de subventions aux affaires autochtones<\/a><\/strong><\/p>\n<p><strong>Statut actuel<\/strong>: Ouvrir<\/p>\n<\/div><div class=\"fusion-text fusion-text-27 fundDetails\"><p>Le programme de subventions vise \u00e0 financer des projets, des initiatives ou des activit\u00e9s autochtones de petite envergure et \u00e0 but non lucratif de nature sociale, culturelle et \u00e9ducative. Les personnes, les communaut\u00e9s des Premi\u00e8res Nations et les organismes autochtones peuvent pr\u00e9senter une demande.<\/p>\n<\/div><\/div><\/div><\/div><\/div><\/p>\n","protected":false},"excerpt":{"rendered":"","protected":false},"author":2,"featured_media":0,"parent":0,"menu_order":0,"comment_status":"closed","ping_status":"closed","template":"100-width.php","meta":{"_acf_changed":false,"_exactmetrics_skip_tracking":false,"_exactmetrics_sitenote_active":false,"_exactmetrics_sitenote_note":"","_exactmetrics_sitenote_category":0,"footnotes":""},"class_list":["post-1001","page","type-page","status-publish","hentry"],"acf":[],"yoast_head":"<!-- This site is optimized with the Yoast SEO plugin v27.5 - https:\/\/yoast.com\/product\/yoast-seo-wordpress\/ -->\n<title>Possibilit\u00e9s de financement - Urban Indigenous Action Group<\/title>\n<meta name=\"description\" content=\"Voici une liste des opportunit\u00e9s de financement actuelles. Ces liens vous conduiront vers une fen\u00eatre s\u00e9par\u00e9e. Lorsque vous cliquez sur des liens externes, les utilisateurs doivent faire preuve de prudence et v\u00e9rifier la cr\u00e9dibilit\u00e9 et la s\u00e9curit\u00e9 du contenu li\u00e9.\" \/>\n<meta name=\"robots\" content=\"index, follow, max-snippet:-1, max-image-preview:large, max-video-preview:-1\" \/>\n<link rel=\"canonical\" href=\"https:\/\/urbanindigenousactiongroup.ca\/fr\/possibilites-de-financement\" \/>\n<meta property=\"og:locale\" content=\"fr_FR\" \/>\n<meta property=\"og:type\" content=\"article\" \/>\n<meta property=\"og:title\" content=\"Possibilit\u00e9s de financement - Urban Indigenous Action Group\" \/>\n<meta property=\"og:description\" content=\"Voici une liste des opportunit\u00e9s de financement actuelles. Ces liens vous conduiront vers une fen\u00eatre s\u00e9par\u00e9e. Lorsque vous cliquez sur des liens externes, les utilisateurs doivent faire preuve de prudence et v\u00e9rifier la cr\u00e9dibilit\u00e9 et la s\u00e9curit\u00e9 du contenu li\u00e9.\" \/>\n<meta property=\"og:url\" content=\"https:\/\/urbanindigenousactiongroup.ca\/fr\/possibilites-de-financement\" \/>\n<meta property=\"og:site_name\" content=\"Urban Indigenous Action Group\" \/>\n<meta property=\"article:publisher\" content=\"https:\/\/www.facebook.com\/MMIWG2S.UrbanIndigenousActionGroup\" \/>\n<meta property=\"article:modified_time\" content=\"2024-05-09T16:39:16+00:00\" \/>\n<meta name=\"twitter:card\" content=\"summary_large_image\" \/>\n<meta name=\"twitter:label1\" content=\"Dur\u00e9e de lecture estim\u00e9e\" \/>\n\t<meta name=\"twitter:data1\" content=\"5 minutes\" \/>\n<script type=\"application\/ld+json\" class=\"yoast-schema-graph\">{\"@context\":\"https:\\\/\\\/schema.org\",\"@graph\":[{\"@type\":\"WebPage\",\"@id\":\"https:\\\/\\\/urbanindigenousactiongroup.ca\\\/fr\\\/possibilites-de-financement\",\"url\":\"https:\\\/\\\/urbanindigenousactiongroup.ca\\\/fr\\\/possibilites-de-financement\",\"name\":\"Possibilit\u00e9s de financement - Urban Indigenous Action Group\",\"isPartOf\":{\"@id\":\"https:\\\/\\\/urbanindigenousactiongroup.ca\\\/fr#website\"},\"datePublished\":\"2024-02-02T20:51:41+00:00\",\"dateModified\":\"2024-05-09T16:39:16+00:00\",\"description\":\"Voici une liste des opportunit\u00e9s de financement actuelles. Ces liens vous conduiront vers une fen\u00eatre s\u00e9par\u00e9e. Lorsque vous cliquez sur des liens externes, les utilisateurs doivent faire preuve de prudence et v\u00e9rifier la cr\u00e9dibilit\u00e9 et la s\u00e9curit\u00e9 du contenu li\u00e9.\",\"breadcrumb\":{\"@id\":\"https:\\\/\\\/urbanindigenousactiongroup.ca\\\/fr\\\/possibilites-de-financement#breadcrumb\"},\"inLanguage\":\"fr-FR\",\"potentialAction\":[{\"@type\":\"ReadAction\",\"target\":[\"https:\\\/\\\/urbanindigenousactiongroup.ca\\\/fr\\\/possibilites-de-financement\"]}]},{\"@type\":\"BreadcrumbList\",\"@id\":\"https:\\\/\\\/urbanindigenousactiongroup.ca\\\/fr\\\/possibilites-de-financement#breadcrumb\",\"itemListElement\":[{\"@type\":\"ListItem\",\"position\":1,\"name\":\"Home\",\"item\":\"https:\\\/\\\/urbanindigenousactiongroup.ca\\\/fr\"},{\"@type\":\"ListItem\",\"position\":2,\"name\":\"Possibilit\u00e9s de financement\"}]},{\"@type\":\"WebSite\",\"@id\":\"https:\\\/\\\/urbanindigenousactiongroup.ca\\\/fr#website\",\"url\":\"https:\\\/\\\/urbanindigenousactiongroup.ca\\\/fr\",\"name\":\"Urban Indigenous Action Group\",\"description\":\"Tagline\",\"publisher\":{\"@id\":\"https:\\\/\\\/urbanindigenousactiongroup.ca\\\/fr#organization\"},\"potentialAction\":[{\"@type\":\"SearchAction\",\"target\":{\"@type\":\"EntryPoint\",\"urlTemplate\":\"https:\\\/\\\/urbanindigenousactiongroup.ca\\\/fr?s={search_term_string}\"},\"query-input\":{\"@type\":\"PropertyValueSpecification\",\"valueRequired\":true,\"valueName\":\"search_term_string\"}}],\"inLanguage\":\"fr-FR\"},{\"@type\":\"Organization\",\"@id\":\"https:\\\/\\\/urbanindigenousactiongroup.ca\\\/fr#organization\",\"name\":\"Urban Indigenous Action Group\",\"url\":\"https:\\\/\\\/urbanindigenousactiongroup.ca\\\/fr\",\"logo\":{\"@type\":\"ImageObject\",\"inLanguage\":\"fr-FR\",\"@id\":\"https:\\\/\\\/urbanindigenousactiongroup.ca\\\/fr#\\\/schema\\\/logo\\\/image\\\/\",\"url\":\"https:\\\/\\\/urbanindigenousactiongroup.ca\\\/wp-content\\\/uploads\\\/2024\\\/01\\\/Home-logo-1.svg\",\"contentUrl\":\"https:\\\/\\\/urbanindigenousactiongroup.ca\\\/wp-content\\\/uploads\\\/2024\\\/01\\\/Home-logo-1.svg\",\"width\":390,\"height\":180,\"caption\":\"Urban Indigenous Action Group\"},\"image\":{\"@id\":\"https:\\\/\\\/urbanindigenousactiongroup.ca\\\/fr#\\\/schema\\\/logo\\\/image\\\/\"},\"sameAs\":[\"https:\\\/\\\/www.facebook.com\\\/MMIWG2S.UrbanIndigenousActionGroup\"]}]}<\/script>\n<!-- \/ Yoast SEO plugin. -->","yoast_head_json":{"title":"Possibilit\u00e9s de financement - Urban Indigenous Action Group","description":"Voici une liste des opportunit\u00e9s de financement actuelles. Ces liens vous conduiront vers une fen\u00eatre s\u00e9par\u00e9e. Lorsque vous cliquez sur des liens externes, les utilisateurs doivent faire preuve de prudence et v\u00e9rifier la cr\u00e9dibilit\u00e9 et la s\u00e9curit\u00e9 du contenu li\u00e9.","robots":{"index":"index","follow":"follow","max-snippet":"max-snippet:-1","max-image-preview":"max-image-preview:large","max-video-preview":"max-video-preview:-1"},"canonical":"https:\/\/urbanindigenousactiongroup.ca\/fr\/possibilites-de-financement","og_locale":"fr_FR","og_type":"article","og_title":"Possibilit\u00e9s de financement - Urban Indigenous Action Group","og_description":"Voici une liste des opportunit\u00e9s de financement actuelles. Ces liens vous conduiront vers une fen\u00eatre s\u00e9par\u00e9e. Lorsque vous cliquez sur des liens externes, les utilisateurs doivent faire preuve de prudence et v\u00e9rifier la cr\u00e9dibilit\u00e9 et la s\u00e9curit\u00e9 du contenu li\u00e9.","og_url":"https:\/\/urbanindigenousactiongroup.ca\/fr\/possibilites-de-financement","og_site_name":"Urban Indigenous Action Group","article_publisher":"https:\/\/www.facebook.com\/MMIWG2S.UrbanIndigenousActionGroup","article_modified_time":"2024-05-09T16:39:16+00:00","twitter_card":"summary_large_image","twitter_misc":{"Dur\u00e9e de lecture estim\u00e9e":"5 minutes"},"schema":{"@context":"https:\/\/schema.org","@graph":[{"@type":"WebPage","@id":"https:\/\/urbanindigenousactiongroup.ca\/fr\/possibilites-de-financement","url":"https:\/\/urbanindigenousactiongroup.ca\/fr\/possibilites-de-financement","name":"Possibilit\u00e9s de financement - Urban Indigenous Action Group","isPartOf":{"@id":"https:\/\/urbanindigenousactiongroup.ca\/fr#website"},"datePublished":"2024-02-02T20:51:41+00:00","dateModified":"2024-05-09T16:39:16+00:00","description":"Voici une liste des opportunit\u00e9s de financement actuelles. Ces liens vous conduiront vers une fen\u00eatre s\u00e9par\u00e9e. Lorsque vous cliquez sur des liens externes, les utilisateurs doivent faire preuve de prudence et v\u00e9rifier la cr\u00e9dibilit\u00e9 et la s\u00e9curit\u00e9 du contenu li\u00e9.","breadcrumb":{"@id":"https:\/\/urbanindigenousactiongroup.ca\/fr\/possibilites-de-financement#breadcrumb"},"inLanguage":"fr-FR","potentialAction":[{"@type":"ReadAction","target":["https:\/\/urbanindigenousactiongroup.ca\/fr\/possibilites-de-financement"]}]},{"@type":"BreadcrumbList","@id":"https:\/\/urbanindigenousactiongroup.ca\/fr\/possibilites-de-financement#breadcrumb","itemListElement":[{"@type":"ListItem","position":1,"name":"Home","item":"https:\/\/urbanindigenousactiongroup.ca\/fr"},{"@type":"ListItem","position":2,"name":"Possibilit\u00e9s de financement"}]},{"@type":"WebSite","@id":"https:\/\/urbanindigenousactiongroup.ca\/fr#website","url":"https:\/\/urbanindigenousactiongroup.ca\/fr","name":"Urban Indigenous Action Group","description":"Tagline","publisher":{"@id":"https:\/\/urbanindigenousactiongroup.ca\/fr#organization"},"potentialAction":[{"@type":"SearchAction","target":{"@type":"EntryPoint","urlTemplate":"https:\/\/urbanindigenousactiongroup.ca\/fr?s={search_term_string}"},"query-input":{"@type":"PropertyValueSpecification","valueRequired":true,"valueName":"search_term_string"}}],"inLanguage":"fr-FR"},{"@type":"Organization","@id":"https:\/\/urbanindigenousactiongroup.ca\/fr#organization","name":"Urban Indigenous Action Group","url":"https:\/\/urbanindigenousactiongroup.ca\/fr","logo":{"@type":"ImageObject","inLanguage":"fr-FR","@id":"https:\/\/urbanindigenousactiongroup.ca\/fr#\/schema\/logo\/image\/","url":"https:\/\/urbanindigenousactiongroup.ca\/wp-content\/uploads\/2024\/01\/Home-logo-1.svg","contentUrl":"https:\/\/urbanindigenousactiongroup.ca\/wp-content\/uploads\/2024\/01\/Home-logo-1.svg","width":390,"height":180,"caption":"Urban Indigenous Action Group"},"image":{"@id":"https:\/\/urbanindigenousactiongroup.ca\/fr#\/schema\/logo\/image\/"},"sameAs":["https:\/\/www.facebook.com\/MMIWG2S.UrbanIndigenousActionGroup"]}]}},"_links":{"self":[{"href":"https:\/\/urbanindigenousactiongroup.ca\/fr\/wp-json\/wp\/v2\/pages\/1001","targetHints":{"allow":["GET"]}}],"collection":[{"href":"https:\/\/urbanindigenousactiongroup.ca\/fr\/wp-json\/wp\/v2\/pages"}],"about":[{"href":"https:\/\/urbanindigenousactiongroup.ca\/fr\/wp-json\/wp\/v2\/types\/page"}],"author":[{"embeddable":true,"href":"https:\/\/urbanindigenousactiongroup.ca\/fr\/wp-json\/wp\/v2\/users\/2"}],"replies":[{"embeddable":true,"href":"https:\/\/urbanindigenousactiongroup.ca\/fr\/wp-json\/wp\/v2\/comments?post=1001"}],"version-history":[{"count":0,"href":"https:\/\/urbanindigenousactiongroup.ca\/fr\/wp-json\/wp\/v2\/pages\/1001\/revisions"}],"wp:attachment":[{"href":"https:\/\/urbanindigenousactiongroup.ca\/fr\/wp-json\/wp\/v2\/media?parent=1001"}],"curies":[{"name":"wp","href":"https:\/\/api.w.org\/{rel}","templated":true}]}}