{"id":1017,"date":"2024-01-29T14:14:35","date_gmt":"2024-01-29T19:14:35","guid":{"rendered":"https:\/\/urbanindigedev.wpengine.com\/?page_id=1017"},"modified":"2024-05-02T12:29:36","modified_gmt":"2024-05-02T16:29:36","slug":"panier-de-droits","status":"publish","type":"page","link":"https:\/\/urbanindigenousactiongroup.ca\/fr\/panier-de-droits","title":{"rendered":"Panier de Droits"},"content":{"rendered":"<p><div class=\"fusion-fullwidth fullwidth-box fusion-builder-row-1 fusion-flex-container has-pattern-background has-mask-background fusion-parallax-none titlebar-con nonhundred-percent-fullwidth non-hundred-percent-height-scrolling lazyload\" style=\"--awb-border-radius-top-left:0px;--awb-border-radius-top-right:0px;--awb-border-radius-bottom-right:0px;--awb-border-radius-bottom-left:0px;--awb-padding-top:240px;--awb-padding-bottom:60px;--awb-padding-top-medium:100px;--awb-padding-bottom-medium:100px;--awb-padding-top-small:60px;--awb-padding-bottom-small:60px;--awb-background-size:cover;--awb-flex-wrap:wrap;\" data-bg=\"https:\/\/urbanindigenousactiongroup.ca\/wp-content\/uploads\/2024\/01\/Mask-Group-16.svg\" ><div class=\"fusion-builder-row fusion-row fusion-flex-align-items-flex-start fusion-flex-content-wrap\" style=\"max-width:1331.2px;margin-left: calc(-4% \/ 2 );margin-right: calc(-4% \/ 2 );\"><div class=\"fusion-layout-column fusion_builder_column fusion-builder-column-0 fusion_builder_column_4_5 4_5 fusion-flex-column\" style=\"--awb-bg-position:center center;--awb-bg-blend:screen;--awb-bg-size:contain;--awb-width-large:80%;--awb-margin-top-large:0px;--awb-spacing-right-large:2.4%;--awb-margin-bottom-large:0px;--awb-spacing-left-large:2.4%;--awb-width-medium:100%;--awb-order-medium:0;--awb-spacing-right-medium:1.92%;--awb-spacing-left-medium:1.92%;--awb-width-small:100%;--awb-order-small:0;--awb-spacing-right-small:1.92%;--awb-spacing-left-small:1.92%;\"><div class=\"fusion-column-wrapper fusion-column-has-shadow fusion-flex-justify-content-flex-start fusion-content-layout-column\"><div class=\"fusion-title title fusion-title-1 fusion-sep-none fusion-title-text fusion-title-size-one\"><h1 class=\"fusion-title-heading title-heading-left fusion-responsive-typography-calculated\" style=\"margin:0;--fontSize:48;line-height:1.4;\">Panier de Droits<\/h1><\/div><div class=\"fusion-text fusion-text-1 large-p\" style=\"--awb-line-height:36px;\"><p>Les couvertures sont courantes dans toutes les cultures. Elles nous prot\u00e8gent, gardent nos b\u00e9b\u00e9s et a\u00een\u00e9s au chaud, reconnaissent notre relation les uns aux autres et sont une n\u00e9cessit\u00e9 de la vie. Dans le rapport de l&rsquo;UIAG, les droits et responsabilit\u00e9s inh\u00e9rents globaux s&rsquo;appliquent au panier de droits, et sont d\u00e9sign\u00e9s sous le terme de \u00ab\u00a0couverture\u00a0\u00bb qui enveloppe et prot\u00e8ge les paniers.<\/p>\n<p>Les priorit\u00e9s de l&rsquo;UIAG sont contenues dans chacun des paniers avec des priorit\u00e9s imm\u00e9diates (dans les 2 prochaines ann\u00e9es), \u00e0 moyen terme (3-5 ans) et \u00e0 long terme (au-del\u00e0 de 5 ans). Ces priorit\u00e9s sont destin\u00e9es \u00e0 servir de guide et ne devraient pas limiter la capacit\u00e9 des r\u00e9gions \u00e0 d\u00e9terminer ce qui fonctionne le mieux pour elles.<\/p>\n<\/div><\/div><\/div><\/div><\/div><div class=\"fusion-fullwidth fullwidth-box fusion-builder-row-2 fusion-flex-container has-pattern-background has-mask-background nonhundred-percent-fullwidth non-hundred-percent-height-scrolling\" style=\"--awb-border-radius-top-left:0px;--awb-border-radius-top-right:0px;--awb-border-radius-bottom-right:0px;--awb-border-radius-bottom-left:0px;--awb-padding-top:100px;--awb-padding-bottom:100px;--awb-padding-right-medium:20px;--awb-padding-left-medium:20px;--awb-flex-wrap:wrap;\" ><div class=\"fusion-builder-row fusion-row fusion-flex-align-items-flex-start fusion-flex-content-wrap\" style=\"max-width:1331.2px;margin-left: calc(-4% \/ 2 );margin-right: calc(-4% \/ 2 );\"><div class=\"fusion-layout-column fusion_builder_column fusion-builder-column-1 fusion_builder_column_1_2 1_2 fusion-flex-column\" style=\"--awb-bg-size:cover;--awb-width-large:50%;--awb-margin-top-large:0px;--awb-spacing-right-large:3.84%;--awb-margin-bottom-large:0px;--awb-spacing-left-large:3.84%;--awb-width-medium:100%;--awb-order-medium:0;--awb-spacing-right-medium:1.92%;--awb-spacing-left-medium:1.92%;--awb-width-small:100%;--awb-order-small:0;--awb-spacing-right-small:1.92%;--awb-spacing-left-small:1.92%;\"><div class=\"fusion-column-wrapper fusion-column-has-shadow fusion-flex-justify-content-flex-start fusion-content-layout-column\"><div class=\"fusion-title title fusion-title-2 fusion-sep-none fusion-title-text fusion-title-size-two\"><h2 class=\"fusion-title-heading title-heading-left fusion-responsive-typography-calculated\" style=\"margin:0;--fontSize:42;line-height:1.5;\">Droit \u00e0 la Culture<\/h2><\/div><div class=\"fusion-text fusion-text-2\"><p><span style=\"font-weight: 400;\"><strong>Objectif<\/strong>: Restaurer, r\u00e9cup\u00e9rer et revitaliser la culture et la langue des Premi\u00e8res Nations, des Inuits et des M\u00e9tis dans les centres urbains avec un financement \u00e9quitable et un soutien.<\/span><\/p>\n<\/div><div class=\"accordian fusion-accordian\" style=\"--awb-border-size:0px;--awb-icon-size:18px;--awb-content-font-size:18px;--awb-icon-alignment:right;--awb-hover-color:#f9f9f9;--awb-border-color:#cccccc;--awb-background-color:var(--awb-color1);--awb-divider-color:#ffffff;--awb-divider-hover-color:#e0dede;--awb-icon-color:#ffffff;--awb-title-color:#ffffff;--awb-content-color:#ffffff;--awb-icon-box-color:#ffffff;--awb-toggle-hover-accent-color:var(--awb-color1);--awb-toggle-active-accent-color:var(--awb-color1);--awb-title-font-family:&quot;Rubik&quot;;--awb-title-font-weight:700;--awb-title-font-style:normal;--awb-title-font-size:18px;--awb-title-text-transform:uppercase;--awb-content-font-family:&quot;Rubik&quot;;--awb-content-font-style:normal;--awb-content-font-weight:400;\"><div class=\"panel-group fusion-toggle-icon-right fusion-toggle-icon-unboxed\" id=\"accordion-1017-1\"><div class=\"fusion-panel panel-default panel-9fcff35be3d40c5d1 fusion-toggle-has-divider\" style=\"--awb-title-color:#ffffff;\"><div class=\"panel-heading\"><h3 class=\"panel-title toggle\" id=\"toggle_9fcff35be3d40c5d1\"><a aria-expanded=\"false\" aria-controls=\"9fcff35be3d40c5d1\" role=\"button\" data-toggle=\"collapse\" data-target=\"#9fcff35be3d40c5d1\" href=\"#9fcff35be3d40c5d1\"><span class=\"fusion-toggle-icon-wrapper\" aria-hidden=\"true\"><i class=\"fa-fusion-box active-icon fa-times fas\" aria-hidden=\"true\"><\/i><i class=\"fa-fusion-box inactive-icon fa-plus fas\" aria-hidden=\"true\"><\/i><\/span><span class=\"fusion-toggle-heading\">Priorit\u00e9s Imm\u00e9diates<\/span><\/a><\/h3><\/div><div id=\"9fcff35be3d40c5d1\" class=\"panel-collapse collapse \" aria-labelledby=\"toggle_9fcff35be3d40c5d1\"><div class=\"panel-body toggle-content fusion-clearfix\">\n<ul>\n<li>**Langues des Premi\u00e8res Nations, des Inuits et des M\u00e9tis \/ revitalisation et restauration de la culture et des langues.<\/li>\n<li>Acc\u00e8s aux programmes d&rsquo;immersion linguistique.<\/li>\n<li>Pr\u00e9servation des connaissances.\n<ul>\n<li>Gardiens du savoir<\/li>\n<li>Adresser l&rsquo;assimilation tent\u00e9e \u2013 reconnecter, reconstruire, gu\u00e9rir<\/li>\n<\/ul>\n<\/li>\n<li>Fonds d&rsquo;autonomisation permanents.<\/li>\n<li>\u00c9ducation et formation anti-racisme et anti-sexisme.\n<ul>\n<li>Il est essentiel que les Canadiens re\u00e7oivent une \u00e9ducation et une formation de<br \/>\nhaute qualit\u00e9 sp\u00e9cifiques aux Premi\u00e8res Nations, aux Inuits et aux M\u00e9tis sur<br \/>\nl&rsquo;antiracisme et l&rsquo;antisexisme. Tant que nous n&rsquo;aurons pas atteint un niveau \u00e9lev\u00e9 d&rsquo;\u00e9ducation sur ces deux fronts, nous continuerons de manquer de dialogue intelligent sur la r\u00e9conciliation et de trouver de vraies solutions pour prot\u00e9ger les femmes, les filles et les personnes 2ELGBTQQIA+ autochtones.<\/li>\n<li>\u00c9tablir un plan d&rsquo;action national contre le racisme et le sexisme.<\/li>\n<\/ul>\n<\/li>\n<li>S\u00e9curit\u00e9 culturelle et prestation de services.<\/li>\n<li>Acc\u00e8s \u00e0 la culture ind\u00e9pendamment de la r\u00e9sidence.<\/li>\n<li>Pr\u00e9vention et gu\u00e9rison. Approche holistique de la maintenance familiale avec une orientation culturelle.<\/li>\n<li>Expansion des soutiens culturels.<\/li>\n<\/ul>\n<\/div><\/div><\/div><div class=\"fusion-panel panel-default panel-71834136ff1d4b130 fusion-toggle-has-divider\" style=\"--awb-title-color:#ffffff;\"><div class=\"panel-heading\"><h3 class=\"panel-title toggle\" id=\"toggle_71834136ff1d4b130\"><a aria-expanded=\"false\" aria-controls=\"71834136ff1d4b130\" role=\"button\" data-toggle=\"collapse\" data-target=\"#71834136ff1d4b130\" href=\"#71834136ff1d4b130\"><span class=\"fusion-toggle-icon-wrapper\" aria-hidden=\"true\"><i class=\"fa-fusion-box active-icon fa-times fas\" aria-hidden=\"true\"><\/i><i class=\"fa-fusion-box inactive-icon fa-plus fas\" aria-hidden=\"true\"><\/i><\/span><span class=\"fusion-toggle-heading\">Priorit\u00e9s imm\u00e9diates suppl\u00e9mentaires comprennent<\/span><\/a><\/h3><\/div><div id=\"71834136ff1d4b130\" class=\"panel-collapse collapse \" aria-labelledby=\"toggle_71834136ff1d4b130\"><div class=\"panel-body toggle-content fusion-clearfix\">\n<ul>\n<li>Gu\u00e9rison, engagement et vie culturels<\/li>\n<li>Continuit\u00e9 culturelle<\/li>\n<li>La culture au c\u0153ur des programmes et des services<\/li>\n<li>Inclusion de la culture Inuit dans l&rsquo;\u00e9ducation au sud<\/li>\n<li>Repr\u00e9sentation dans les m\u00e9dias et la culture populaire<\/li>\n<li>Espaces culturels s\u00e9curitaires en milieu urbain<\/li>\n<li>Mat\u00e9riel de formation comp\u00e9tent et culturellement approuv\u00e9 sur l&rsquo;histoire et la culture M\u00e9tisse (organismes de r\u00e9glementation de chaque province)<\/li>\n<li>Adresser le manque de compr\u00e9hension de l&rsquo;identit\u00e9 M\u00e9tisse<\/li>\n<li>Mauvaise repr\u00e9sentation des femmes autochtones<\/li>\n<li>A\u00een\u00e9s M\u00e9tis et gardiens du savoir dans tous les programmes<\/li>\n<li>Histoire, culture et identit\u00e9 M\u00e9tisses \u2013 apprentissage pr\u00e9coce<\/li>\n<li>Investissements dans la recherche communautaire dirig\u00e9e par les M\u00e9tis*<\/li>\n<li>Programmes de revitalisation culturelle Michif, \u00e9ducation et formation<\/li>\n<li>\u00abR\u00e9inscription \u00bb \u2013 un processus o\u00f9 vous r\u00e9tablissez et renforcez qui vous \u00eates<\/li>\n<li>Prestation de services dirig\u00e9e par les Autochtones<\/li>\n<li>Reprise\/r\u00e9tablissement de la valeur des r\u00f4les traditionnels des femmes, des filles et des personnes 2ELGBTQQIA+<br \/>\nApproche \u00e9quitable pour investir dans les ressources culturelles et linguistiques qui ont g\u00e9n\u00e9ralement \u00e9t\u00e9 sous-repr\u00e9sent\u00e9es dans certaines r\u00e9gions du Canada (Inuits du sud, M\u00e9tis urbains et Premi\u00e8res Nations)<\/li>\n<li>Promouvoir l&rsquo;identit\u00e9 par le biais de possibilit\u00e9s de gu\u00e9rison culturelle et linguistique<\/li>\n<\/ul>\n<\/div><\/div><\/div><div class=\"fusion-panel panel-default panel-d4c1059dae100b9ed fusion-toggle-has-divider\" style=\"--awb-title-color:#ffffff;\"><div class=\"panel-heading\"><h3 class=\"panel-title toggle\" id=\"toggle_d4c1059dae100b9ed\"><a aria-expanded=\"false\" aria-controls=\"d4c1059dae100b9ed\" role=\"button\" data-toggle=\"collapse\" data-target=\"#d4c1059dae100b9ed\" href=\"#d4c1059dae100b9ed\"><span class=\"fusion-toggle-icon-wrapper\" aria-hidden=\"true\"><i class=\"fa-fusion-box active-icon fa-times fas\" aria-hidden=\"true\"><\/i><i class=\"fa-fusion-box inactive-icon fa-plus fas\" aria-hidden=\"true\"><\/i><\/span><span class=\"fusion-toggle-heading\">Priorit\u00e9s \u00e0 moyen et long terme<\/span><\/a><\/h3><\/div><div id=\"d4c1059dae100b9ed\" class=\"panel-collapse collapse \" aria-labelledby=\"toggle_d4c1059dae100b9ed\"><div class=\"panel-body toggle-content fusion-clearfix\">\n<ul>\n<li>Pr\u00e9vention et gu\u00e9rison. Approche holistique de l&rsquo;entretien familial ax\u00e9e sur la culture<\/li>\n<li>Expansion des soutiens culturels et r\u00e9cup\u00e9ration des langues autochtones<\/li>\n<li>Acc\u00e8s financ\u00e9 aux gardiens du savoir, aux enseignants et aux a\u00een\u00e9s des Premi\u00e8res Nations, des Inuits et des M\u00e9tis.<\/li>\n<\/ul>\n<\/div><\/div><\/div><\/div><\/div><\/div><\/div><div class=\"fusion-layout-column fusion_builder_column fusion-builder-column-2 fusion_builder_column_1_2 1_2 fusion-flex-column\" style=\"--awb-bg-size:cover;--awb-width-large:50%;--awb-margin-top-large:0px;--awb-spacing-right-large:3.84%;--awb-margin-bottom-large:0px;--awb-spacing-left-large:3.84%;--awb-width-medium:100%;--awb-order-medium:0;--awb-spacing-right-medium:1.92%;--awb-spacing-left-medium:1.92%;--awb-width-small:100%;--awb-order-small:0;--awb-spacing-right-small:1.92%;--awb-spacing-left-small:1.92%;\"><div class=\"fusion-column-wrapper fusion-column-has-shadow fusion-flex-justify-content-flex-start fusion-content-layout-column\"><div class=\"fusion-image-element \" style=\"--awb-aspect-ratio:1 \/ 1;--awb-object-position:16% 33%;--awb-mask-url: url(https:\/\/urbanindigenousactiongroup.ca\/wp-content\/uploads\/2024\/01\/Path-1479.svg);--awb-max-width:480px;--awb-caption-title-font-family:var(--h2_typography-font-family);--awb-caption-title-font-weight:var(--h2_typography-font-weight);--awb-caption-title-font-style:var(--h2_typography-font-style);--awb-caption-title-size:var(--h2_typography-font-size);--awb-caption-title-transform:var(--h2_typography-text-transform);--awb-caption-title-line-height:var(--h2_typography-line-height);--awb-caption-title-letter-spacing:var(--h2_typography-letter-spacing);\"><div style=\"display:inline-block;width:480px;\"><span class=\" fusion-imageframe imageframe-none imageframe-1 hover-type-none has-mask has-aspect-ratio\" style=\"z-index:10;\"><img decoding=\"async\" width=\"512\" height=\"768\" alt=\"Inuk elder Zippy Nochashak opens the the summit by lighting the Qulliq. \" title=\"Donate &#8211; 2023Summit-qulliq\" src=\"https:\/\/urbanindigenousactiongroup.ca\/wp-content\/uploads\/2024\/02\/Donate-2023Summit-qulliq-scaled.jpg\" data-orig-src=\"https:\/\/urbanindigenousactiongroup.ca\/wp-content\/uploads\/2024\/02\/Donate-2023Summit-qulliq-512x768.jpg\" class=\"lazyload img-responsive wp-image-756 img-with-aspect-ratio\" srcset=\"data:image\/svg+xml,%3Csvg%20xmlns%3D%27http%3A%2F%2Fwww.w3.org%2F2000%2Fsvg%27%20width%3D%271707%27%20height%3D%272560%27%20viewBox%3D%270%200%201707%202560%27%3E%3Crect%20width%3D%271707%27%20height%3D%272560%27%20fill-opacity%3D%220%22%2F%3E%3C%2Fsvg%3E\" data-srcset=\"https:\/\/urbanindigenousactiongroup.ca\/wp-content\/uploads\/2024\/02\/Donate-2023Summit-qulliq-200x300.jpg 200w, https:\/\/urbanindigenousactiongroup.ca\/wp-content\/uploads\/2024\/02\/Donate-2023Summit-qulliq-400x600.jpg 400w, https:\/\/urbanindigenousactiongroup.ca\/wp-content\/uploads\/2024\/02\/Donate-2023Summit-qulliq-600x900.jpg 600w, https:\/\/urbanindigenousactiongroup.ca\/wp-content\/uploads\/2024\/02\/Donate-2023Summit-qulliq-800x1200.jpg 800w, https:\/\/urbanindigenousactiongroup.ca\/wp-content\/uploads\/2024\/02\/Donate-2023Summit-qulliq-1200x1800.jpg 1200w, https:\/\/urbanindigenousactiongroup.ca\/wp-content\/uploads\/2024\/02\/Donate-2023Summit-qulliq-scaled.jpg 1707w\" data-sizes=\"auto\" data-orig-sizes=\"(max-width: 1048px) 100vw, (max-width: 768px) 100vw, 800px\" \/><\/span><\/div><\/div><div class=\"fusion-image-element \" style=\"--awb-margin-top:-15%;--awb-margin-left:10%;--awb-caption-title-font-family:var(--h2_typography-font-family);--awb-caption-title-font-weight:var(--h2_typography-font-weight);--awb-caption-title-font-style:var(--h2_typography-font-style);--awb-caption-title-size:var(--h2_typography-font-size);--awb-caption-title-transform:var(--h2_typography-text-transform);--awb-caption-title-line-height:var(--h2_typography-line-height);--awb-caption-title-letter-spacing:var(--h2_typography-letter-spacing);\"><span class=\" fusion-imageframe imageframe-none imageframe-2 hover-type-none bgimage\"><img decoding=\"async\" width=\"182\" height=\"141\" title=\"Path 1462\" src=\"data:image\/svg+xml,%3Csvg%20xmlns%3D%27http%3A%2F%2Fwww.w3.org%2F2000%2Fsvg%27%20width%3D%27182%27%20height%3D%27141%27%20viewBox%3D%270%200%20182%20141%27%3E%3Crect%20width%3D%27182%27%20height%3D%27141%27%20fill-opacity%3D%220%22%2F%3E%3C%2Fsvg%3E\" data-orig-src=\"https:\/\/urbanindigenousactiongroup.ca\/wp-content\/uploads\/2024\/01\/Path-1462.svg\" alt class=\"lazyload img-responsive wp-image-535\"\/><\/span><\/div><\/div><\/div><\/div><\/div><div class=\"fusion-fullwidth fullwidth-box fusion-builder-row-3 fusion-flex-container has-pattern-background has-mask-background fusion-parallax-none nonhundred-percent-fullwidth non-hundred-percent-height-scrolling lazyload\" style=\"--awb-border-radius-top-left:0px;--awb-border-radius-top-right:0px;--awb-border-radius-bottom-right:0px;--awb-border-radius-bottom-left:0px;--awb-padding-top:100px;--awb-padding-bottom:100px;--awb-padding-right-medium:20px;--awb-padding-left-medium:20px;--awb-background-color:var(--awb-color4);--awb-background-image:linear-gradient(90deg, rgba(226,229,224,0) 0%,var(--awb-color3) 50%);;--awb-background-size:cover;--awb-flex-wrap:wrap;\" data-bg=\"https:\/\/urbanindigenousactiongroup.ca\/wp-content\/uploads\/2024\/01\/Path-290.svg\" data-bg-gradient=\"linear-gradient(90deg, rgba(226,229,224,0) 0%,var(--awb-color3) 50%)\" ><div class=\"fusion-builder-row fusion-row fusion-flex-align-items-flex-start fusion-flex-content-wrap\" style=\"max-width:1331.2px;margin-left: calc(-4% \/ 2 );margin-right: calc(-4% \/ 2 );\"><div class=\"fusion-layout-column fusion_builder_column fusion-builder-column-3 fusion_builder_column_1_2 1_2 fusion-flex-column\" style=\"--awb-bg-size:cover;--awb-width-large:50%;--awb-margin-top-large:0px;--awb-spacing-right-large:3.84%;--awb-margin-bottom-large:0px;--awb-spacing-left-large:3.84%;--awb-width-medium:100%;--awb-order-medium:1;--awb-spacing-right-medium:1.92%;--awb-spacing-left-medium:1.92%;--awb-width-small:100%;--awb-order-small:0;--awb-spacing-right-small:1.92%;--awb-spacing-left-small:1.92%;\" data-scroll-devices=\"small-visibility,medium-visibility,large-visibility\"><div class=\"fusion-column-wrapper fusion-column-has-shadow fusion-flex-justify-content-flex-start fusion-content-layout-column\"><div class=\"fusion-image-element \" style=\"--awb-aspect-ratio:1 \/ 1;--awb-object-position:16% 33%;--awb-mask-url: url(https:\/\/urbanindigenousactiongroup.ca\/wp-content\/uploads\/2024\/01\/Path-1479.svg);--awb-max-width:480px;--awb-caption-title-font-family:var(--h2_typography-font-family);--awb-caption-title-font-weight:var(--h2_typography-font-weight);--awb-caption-title-font-style:var(--h2_typography-font-style);--awb-caption-title-size:var(--h2_typography-font-size);--awb-caption-title-transform:var(--h2_typography-text-transform);--awb-caption-title-line-height:var(--h2_typography-line-height);--awb-caption-title-letter-spacing:var(--h2_typography-letter-spacing);\"><div style=\"display:inline-block;width:480px;\"><span class=\" fusion-imageframe imageframe-none imageframe-3 hover-type-none has-mask has-aspect-ratio\" style=\"z-index:10;\"><img decoding=\"async\" width=\"768\" height=\"512\" alt=\"Un bol de smudge en coquille d&#039;ormeau avec une plume blanche plac\u00e9e au centre.\" title=\"2023-Smudge bowl and feather\" src=\"https:\/\/urbanindigenousactiongroup.ca\/wp-content\/uploads\/2024\/01\/2023-Smudge-bowl-and-feather-scaled.jpg\" data-orig-src=\"https:\/\/urbanindigenousactiongroup.ca\/wp-content\/uploads\/2024\/01\/2023-Smudge-bowl-and-feather-768x512.jpg\" class=\"lazyload img-responsive wp-image-507 img-with-aspect-ratio\" srcset=\"data:image\/svg+xml,%3Csvg%20xmlns%3D%27http%3A%2F%2Fwww.w3.org%2F2000%2Fsvg%27%20width%3D%272560%27%20height%3D%271707%27%20viewBox%3D%270%200%202560%201707%27%3E%3Crect%20width%3D%272560%27%20height%3D%271707%27%20fill-opacity%3D%220%22%2F%3E%3C%2Fsvg%3E\" data-srcset=\"https:\/\/urbanindigenousactiongroup.ca\/wp-content\/uploads\/2024\/01\/2023-Smudge-bowl-and-feather-200x133.jpg 200w, https:\/\/urbanindigenousactiongroup.ca\/wp-content\/uploads\/2024\/01\/2023-Smudge-bowl-and-feather-400x267.jpg 400w, https:\/\/urbanindigenousactiongroup.ca\/wp-content\/uploads\/2024\/01\/2023-Smudge-bowl-and-feather-600x400.jpg 600w, https:\/\/urbanindigenousactiongroup.ca\/wp-content\/uploads\/2024\/01\/2023-Smudge-bowl-and-feather-800x533.jpg 800w, https:\/\/urbanindigenousactiongroup.ca\/wp-content\/uploads\/2024\/01\/2023-Smudge-bowl-and-feather-1200x800.jpg 1200w\" data-sizes=\"auto\" data-orig-sizes=\"(max-width: 1048px) 100vw, (max-width: 768px) 100vw, 800px\" \/><\/span><\/div><\/div><div class=\"fusion-image-element \" style=\"--awb-margin-top:-15%;--awb-margin-left:10%;--awb-caption-title-font-family:var(--h2_typography-font-family);--awb-caption-title-font-weight:var(--h2_typography-font-weight);--awb-caption-title-font-style:var(--h2_typography-font-style);--awb-caption-title-size:var(--h2_typography-font-size);--awb-caption-title-transform:var(--h2_typography-text-transform);--awb-caption-title-line-height:var(--h2_typography-line-height);--awb-caption-title-letter-spacing:var(--h2_typography-letter-spacing);\"><span class=\" fusion-imageframe imageframe-none imageframe-4 hover-type-none bgimage\"><img decoding=\"async\" width=\"218\" height=\"160\" title=\"Path 1484\" src=\"data:image\/svg+xml,%3Csvg%20xmlns%3D%27http%3A%2F%2Fwww.w3.org%2F2000%2Fsvg%27%20width%3D%27218%27%20height%3D%27160%27%20viewBox%3D%270%200%20218%20160%27%3E%3Crect%20width%3D%27218%27%20height%3D%27160%27%20fill-opacity%3D%220%22%2F%3E%3C%2Fsvg%3E\" data-orig-src=\"https:\/\/urbanindigenousactiongroup.ca\/wp-content\/uploads\/2024\/01\/Path-1484.svg\" alt class=\"lazyload img-responsive wp-image-557\"\/><\/span><\/div><\/div><\/div><div class=\"fusion-layout-column fusion_builder_column fusion-builder-column-4 fusion_builder_column_1_2 1_2 fusion-flex-column\" style=\"--awb-bg-size:cover;--awb-width-large:50%;--awb-margin-top-large:0px;--awb-spacing-right-large:3.84%;--awb-margin-bottom-large:0px;--awb-spacing-left-large:3.84%;--awb-width-medium:100%;--awb-order-medium:0;--awb-spacing-right-medium:1.92%;--awb-spacing-left-medium:1.92%;--awb-width-small:100%;--awb-order-small:0;--awb-spacing-right-small:1.92%;--awb-spacing-left-small:1.92%;\"><div class=\"fusion-column-wrapper fusion-column-has-shadow fusion-flex-justify-content-flex-start fusion-content-layout-column\"><div class=\"fusion-title title fusion-title-3 fusion-sep-none fusion-title-text fusion-title-size-two\"><h2 class=\"fusion-title-heading title-heading-left fusion-responsive-typography-calculated\" style=\"margin:0;--fontSize:42;line-height:1.5;\">Droit \u00e0 la Sant\u00e9 et au Bien-\u00catre:<\/h2><\/div><div class=\"fusion-text fusion-text-3\"><p><strong>Objectif<\/strong>: R\u00e9cup\u00e9rer et revitaliser les valeurs et approches des Premi\u00e8res Nations, des Inuits et des M\u00e9tis en mati\u00e8re de promotion de la sant\u00e9 et du bien-\u00eatre communautaire dans les centres urbains, en s&rsquo;appuyant sur les connaissances traditionnelles pour prendre soin de notre bien-\u00eatre spirituel, physique, mental et \u00e9motionnel.<\/p>\n<\/div><div class=\"accordian fusion-accordian\" style=\"--awb-border-size:0px;--awb-icon-size:18px;--awb-content-font-size:18px;--awb-icon-alignment:right;--awb-hover-color:#f9f9f9;--awb-border-color:#cccccc;--awb-background-color:var(--awb-color1);--awb-divider-color:#e0dede;--awb-divider-hover-color:#e0dede;--awb-icon-color:#ffffff;--awb-title-color:#ffffff;--awb-content-color:var(--awb-color2);--awb-icon-box-color:#ffffff;--awb-toggle-hover-accent-color:var(--awb-color1);--awb-title-font-family:&quot;Rubik&quot;;--awb-title-font-weight:700;--awb-title-font-style:normal;--awb-title-font-size:18px;--awb-title-text-transform:uppercase;--awb-content-font-family:&quot;Rubik&quot;;--awb-content-font-style:normal;--awb-content-font-weight:400;\"><div class=\"panel-group fusion-toggle-icon-right fusion-toggle-icon-unboxed\" id=\"accordion-1017-2\"><div class=\"fusion-panel panel-default panel-bcfbe28faf5247f0a fusion-toggle-no-divider fusion-toggle-boxed-mode\" style=\"--awb-title-color:#333333;\"><div class=\"panel-heading\"><h3 class=\"panel-title toggle\" id=\"toggle_bcfbe28faf5247f0a\"><a aria-expanded=\"false\" aria-controls=\"bcfbe28faf5247f0a\" role=\"button\" data-toggle=\"collapse\" data-target=\"#bcfbe28faf5247f0a\" href=\"#bcfbe28faf5247f0a\"><span class=\"fusion-toggle-icon-wrapper\" aria-hidden=\"true\"><i class=\"fa-fusion-box active-icon fa-times fas\" aria-hidden=\"true\"><\/i><i class=\"fa-fusion-box inactive-icon fa-plus fas\" aria-hidden=\"true\"><\/i><\/span><span class=\"fusion-toggle-heading\">Priorit\u00e9s Imm\u00e9diates<\/span><\/a><\/h3><\/div><div id=\"bcfbe28faf5247f0a\" class=\"panel-collapse collapse \" aria-labelledby=\"toggle_bcfbe28faf5247f0a\"><div class=\"panel-body toggle-content fusion-clearfix\">\n<ul>\n<li><span style=\"font-weight: 400;\">\u00c9quipes d&rsquo;intervention en cas de crise<\/span><\/li>\n<li><span style=\"font-weight: 400;\">\u00c9galit\u00e9 substantielle de financement<\/span><\/li>\n<li><span style=\"font-weight: 400;\">Sant\u00e9 et bien-\u00eatre communautaires, y compris la gu\u00e9rison pour les femmes, les familles, les parents, les enfants, les jeunes, les hommes et les gar\u00e7ons, et les personnes 2ELGBTQQIA+<\/span><\/li>\n<li><span style=\"font-weight: 400;\">Services complets<\/span><\/li>\n<li><span style=\"font-weight: 400;\">Programmes de gu\u00e9rison\/fonds de gu\u00e9rison<\/span><\/li>\n<li><span style=\"font-weight: 400;\">Approches holistiques de gu\u00e9rison mentale, \u00e9motionnelle, spirituelle et physique<\/span><\/li>\n<li><span style=\"font-weight: 400;\">Gu\u00e9rison interg\u00e9n\u00e9rationnelle<\/span><\/li>\n<li><span style=\"font-weight: 400;\">R\u00e9cr\u00e9ation\/handicap<\/span><\/li>\n<li><span style=\"font-weight: 400;\">Acc\u00e8s \u00e0 des ressources financi\u00e8res pour la gu\u00e9rison<\/span><\/li>\n<\/ul>\n<\/div><\/div><\/div><div class=\"fusion-panel panel-default panel-c7dbf2021ca7c1607 fusion-toggle-no-divider fusion-toggle-boxed-mode\" style=\"--awb-title-color:#333333;\"><div class=\"panel-heading\"><h3 class=\"panel-title toggle\" id=\"toggle_c7dbf2021ca7c1607\"><a aria-expanded=\"false\" aria-controls=\"c7dbf2021ca7c1607\" role=\"button\" data-toggle=\"collapse\" data-target=\"#c7dbf2021ca7c1607\" href=\"#c7dbf2021ca7c1607\"><span class=\"fusion-toggle-icon-wrapper\" aria-hidden=\"true\"><i class=\"fa-fusion-box active-icon fa-times fas\" aria-hidden=\"true\"><\/i><i class=\"fa-fusion-box inactive-icon fa-plus fas\" aria-hidden=\"true\"><\/i><\/span><span class=\"fusion-toggle-heading\">Les priorit\u00e9s imm\u00e9diates suppl\u00e9mentaires comprennent<\/span><\/a><\/h3><\/div><div id=\"c7dbf2021ca7c1607\" class=\"panel-collapse collapse \" aria-labelledby=\"toggle_c7dbf2021ca7c1607\"><div class=\"panel-body toggle-content fusion-clearfix\">\n<ul>\n<li><span style=\"font-weight: 400;\">Traduction\/soutien suppl\u00e9mentaire pour les Inuits urbains<\/span><\/li>\n<li><span style=\"font-weight: 400;\">Acc\u00e8s aux prestations non couvertes par l&rsquo;assurance hospitalisation\/soins m\u00e9dicaux<\/span><\/li>\n<li><span style=\"font-weight: 400;\">S\u00e9curit\u00e9 culturelle \u00e0 l&rsquo;h\u00f4pital<\/span><\/li>\n<li><span style=\"font-weight: 400;\">Besoins de sant\u00e9 distincts des M\u00e9tis\/acc\u00e8s \u00e9gal \u00e0 la sant\u00e9 et \u00e0 la gu\u00e9rison<\/span><\/li>\n<li><span style=\"font-weight: 400;\">R\u00f4le des a\u00een\u00e9s et gardiens du savoir m\u00e9tis dans la gu\u00e9rison.<\/span><\/li>\n<li><span style=\"font-weight: 400;\">Principe de Jordan\/premi\u00e8re enfance \u2013 acc\u00e8s \u00e9quitable aux soutiens en mati\u00e8re de sant\u00e9, de social et d&rsquo;\u00e9ducation<\/span><\/li>\n<li><span style=\"font-weight: 400;\">Acc\u00e8s aux m\u00e9dicaments et aliments traditionnels dans les centres urbains<\/span><\/li>\n<li><span style=\"font-weight: 400;\">Acc\u00e8s \u00e0 la gu\u00e9rison traditionnelle dans les centres urbains<\/span><\/li>\n<li><span style=\"font-weight: 400;\">Acc\u00e8s aux services aux victimes quel que soit la situation, par exemple, un casier judiciaire<\/span><\/li>\n<li><span style=\"font-weight: 400;\">Responsabilit\u00e9s des provinces et territoires<\/span><\/li>\n<li><span style=\"font-weight: 400;\">Reddition de comptes des avantages sociaux non assur\u00e9s (ASNA)<\/span><\/li>\n<li><span style=\"font-weight: 400;\">R\u00e9duire les obstacles aux soutiens en mati\u00e8re de sant\u00e9<\/span><\/li>\n<li><span style=\"font-weight: 400;\">Acc\u00e8s \u00e0 la joie, au repos et aux loisirs (droit des enfants au jeu)<\/span><\/li>\n<\/ul>\n<\/div><\/div><\/div><div class=\"fusion-panel panel-default panel-dc2d60e0c48bff574 fusion-toggle-no-divider fusion-toggle-boxed-mode\" style=\"--awb-title-color:#333333;\"><div class=\"panel-heading\"><h3 class=\"panel-title toggle\" id=\"toggle_dc2d60e0c48bff574\"><a aria-expanded=\"false\" aria-controls=\"dc2d60e0c48bff574\" role=\"button\" data-toggle=\"collapse\" data-target=\"#dc2d60e0c48bff574\" href=\"#dc2d60e0c48bff574\"><span class=\"fusion-toggle-icon-wrapper\" aria-hidden=\"true\"><i class=\"fa-fusion-box active-icon fa-times fas\" aria-hidden=\"true\"><\/i><i class=\"fa-fusion-box inactive-icon fa-plus fas\" aria-hidden=\"true\"><\/i><\/span><span class=\"fusion-toggle-heading\">Priorit\u00e9s \u00e0 moyen et long terme <\/span><\/a><\/h3><\/div><div id=\"dc2d60e0c48bff574\" class=\"panel-collapse collapse \" aria-labelledby=\"toggle_dc2d60e0c48bff574\"><div class=\"panel-body toggle-content fusion-clearfix\">\n<ul>\n<li><span style=\"font-weight: 400;\">Si elles sont correctement financ\u00e9es, les organisations de femmes Autochtones, avec des partenaires communautaires, seraient en mesure de m\u00fbrir rapidement et de d\u00e9velopper des niveaux appropri\u00e9s de services complets pour les femmes, les filles et les personnes 2ELGBTQQIA+ Autochtones urbaines.<\/span><\/li>\n<li><span style=\"font-weight: 400;\">Il faut maintenir un accent sur l&rsquo;acc\u00e8s \u00e9quitable aux services de sant\u00e9, de bien-\u00eatre et de gu\u00e9rison, ainsi qu&rsquo;aux ressources, y compris les aliments traditionnels, les m\u00e9dicaments et la gu\u00e9rison.<\/span><\/li>\n<li><span style=\"font-weight: 400;\">Dans les trois prochaines ann\u00e9es, les gouvernements provinciaux et territoriaux devraient clarifier comment ils entendent s&rsquo;acquitter de leurs responsabilit\u00e9s envers les femmes, les filles et les personnes 2ELGBTQQIA+ autochtones urbaines.<\/span><\/li>\n<\/ul>\n<\/div><\/div><\/div><div class=\"fusion-panel panel-default panel-8525c4375f5439de2 fusion-toggle-no-divider fusion-toggle-boxed-mode\" style=\"--awb-title-color:#333333;\"><div class=\"panel-heading\"><h3 class=\"panel-title toggle\" id=\"toggle_8525c4375f5439de2\"><a aria-expanded=\"false\" aria-controls=\"8525c4375f5439de2\" role=\"button\" data-toggle=\"collapse\" data-target=\"#8525c4375f5439de2\" href=\"#8525c4375f5439de2\"><span class=\"fusion-toggle-icon-wrapper\" aria-hidden=\"true\"><i class=\"fa-fusion-box active-icon fa-times fas\" aria-hidden=\"true\"><\/i><i class=\"fa-fusion-box inactive-icon fa-plus fas\" aria-hidden=\"true\"><\/i><\/span><span class=\"fusion-toggle-heading\">Autres priorit\u00e9s \u00e0 long terme<\/span><\/a><\/h3><\/div><div id=\"8525c4375f5439de2\" class=\"panel-collapse collapse \" aria-labelledby=\"toggle_8525c4375f5439de2\"><div class=\"panel-body toggle-content fusion-clearfix\">\n<ul>\n<li><span style=\"font-weight: 400;\">Appels \u00e0 ce que les fournisseurs de soins de sant\u00e9 travaillent de concert avec les appels au bien-\u00eatre pour la justice<\/span><\/li>\n<li><span style=\"font-weight: 400;\">Formation pour les fournisseurs de soins de sant\u00e9<\/span><\/li>\n<li><span style=\"font-weight: 400;\">Cr\u00e9ation de capacit\u00e9s<\/span><\/li>\n<li><span style=\"font-weight: 400;\">Il faudra continuer \u00e0 travailler de mani\u00e8re continue au cours de la prochaine d\u00e9cennie pour aborder la s\u00e9curit\u00e9 culturelle dans les h\u00f4pitaux et autres \u00e9tablissements de sant\u00e9 non-Autochtones afin de continuer \u00e0 \u00e9radiquer le racisme syst\u00e9mique sp\u00e9cifique aux Autochtones.<\/span><\/li>\n<\/ul>\n<\/div><\/div><\/div><\/div><\/div><\/div><\/div><\/div><\/div><div class=\"fusion-fullwidth fullwidth-box fusion-builder-row-4 fusion-flex-container has-pattern-background has-mask-background nonhundred-percent-fullwidth non-hundred-percent-height-scrolling\" style=\"--awb-border-radius-top-left:0px;--awb-border-radius-top-right:0px;--awb-border-radius-bottom-right:0px;--awb-border-radius-bottom-left:0px;--awb-padding-top:100px;--awb-padding-bottom:100px;--awb-padding-right-medium:20px;--awb-padding-left-medium:20px;--awb-flex-wrap:wrap;\" ><div class=\"fusion-builder-row fusion-row fusion-flex-align-items-flex-start fusion-flex-content-wrap\" style=\"max-width:1331.2px;margin-left: calc(-4% \/ 2 );margin-right: calc(-4% \/ 2 );\"><div class=\"fusion-layout-column fusion_builder_column fusion-builder-column-5 fusion_builder_column_1_2 1_2 fusion-flex-column\" style=\"--awb-bg-size:cover;--awb-width-large:50%;--awb-margin-top-large:0px;--awb-spacing-right-large:3.84%;--awb-margin-bottom-large:0px;--awb-spacing-left-large:3.84%;--awb-width-medium:100%;--awb-order-medium:0;--awb-spacing-right-medium:1.92%;--awb-spacing-left-medium:1.92%;--awb-width-small:100%;--awb-order-small:0;--awb-spacing-right-small:1.92%;--awb-spacing-left-small:1.92%;\"><div class=\"fusion-column-wrapper fusion-column-has-shadow fusion-flex-justify-content-flex-start fusion-content-layout-column\"><div class=\"fusion-title title fusion-title-4 fusion-sep-none fusion-title-text fusion-title-size-two\"><h2 class=\"fusion-title-heading title-heading-left fusion-responsive-typography-calculated\" style=\"margin:0;--fontSize:42;line-height:1.5;\">Droit \u00e0 la S\u00e9curit\u00e9 et \u00e0 la S\u00fbret\u00e9 Humaine<\/h2><\/div><div class=\"fusion-text fusion-text-4\"><p><strong>Objectif<\/strong>: Les femmes, les filles et les personnes 2SLBGTQQIA+ dans les centres urbains prosp\u00e8rent sans \u00eatre constamment en menace de violence ou de pr\u00e9judice par des personnes ou des syst\u00e8mes qui les ciblent, intentionnellement ou non.<\/p>\n<\/div><div class=\"accordian fusion-accordian\" style=\"--awb-border-size:0px;--awb-icon-size:18px;--awb-content-font-size:18px;--awb-icon-alignment:right;--awb-hover-color:#f9f9f9;--awb-border-color:#cccccc;--awb-background-color:var(--awb-color1);--awb-divider-color:#ffffff;--awb-divider-hover-color:#e0dede;--awb-icon-color:#ffffff;--awb-title-color:#ffffff;--awb-content-color:#ffffff;--awb-icon-box-color:#ffffff;--awb-toggle-hover-accent-color:var(--awb-color1);--awb-toggle-active-accent-color:var(--awb-color1);--awb-title-font-family:&quot;Rubik&quot;;--awb-title-font-weight:700;--awb-title-font-style:normal;--awb-title-font-size:18px;--awb-title-text-transform:uppercase;--awb-content-font-family:&quot;Rubik&quot;;--awb-content-font-style:normal;--awb-content-font-weight:400;\"><div class=\"panel-group fusion-toggle-icon-right fusion-toggle-icon-unboxed\" id=\"accordion-1017-3\"><div class=\"fusion-panel panel-default panel-3425ae3d282e9291c fusion-toggle-has-divider\" style=\"--awb-title-color:#ffffff;\"><div class=\"panel-heading\"><h3 class=\"panel-title toggle\" id=\"toggle_3425ae3d282e9291c\"><a aria-expanded=\"false\" aria-controls=\"3425ae3d282e9291c\" role=\"button\" data-toggle=\"collapse\" data-target=\"#3425ae3d282e9291c\" href=\"#3425ae3d282e9291c\"><span class=\"fusion-toggle-icon-wrapper\" aria-hidden=\"true\"><i class=\"fa-fusion-box active-icon fa-times fas\" aria-hidden=\"true\"><\/i><i class=\"fa-fusion-box inactive-icon fa-plus fas\" aria-hidden=\"true\"><\/i><\/span><span class=\"fusion-toggle-heading\">Priorit\u00e9s Imm\u00e9diates<\/span><\/a><\/h3><\/div><div id=\"3425ae3d282e9291c\" class=\"panel-collapse collapse \" aria-labelledby=\"toggle_3425ae3d282e9291c\"><div class=\"panel-body toggle-content fusion-clearfix\">\n<ul>\n<li><span style=\"font-weight: 400;\">Refuges, espaces s\u00fbrs, foyers de transition, logements de deuxi\u00e8me \u00e9tape.<\/span>\n<ul>\n<li><span style=\"font-weight: 400;\">Les organisations de femmes autochtones soulignent le manque significatif <\/span>d&rsquo;options pour des lieux et des logements s\u00fbrs pour les femmes, les filles et les personnes 2ELGBTQQIA+ des Premi\u00e8res Nations, des Inuits et des M\u00e9tis, et demandent une action imm\u00e9diate sur cet appel \u00e0 l&rsquo;action. S&rsquo;il n&rsquo;y a qu&rsquo;une seule chose que nous pouvons faire dans les 2 prochaines ann\u00e9es, ce serait une action prioritaire pour certaines r\u00e9gions.<\/li>\n<li>Des investissements cibl\u00e9s pour rem\u00e9dier \u00e0 ces disparit\u00e9s r\u00e9gionales devraient \u00eatre des priorit\u00e9s d\u00e8s le d\u00e9but.<\/li>\n<li><span style=\"font-weight: 400;\">L&rsquo;acc\u00e8s \u00e0 un logement s\u00fbr avec moins de surpeuplement et une meilleure mobilit\u00e9 est crucial.\u00a0<\/span><\/li>\n<li><span style=\"font-weight: 400;\">Le logement est un facteur cl\u00e9 pour les Inuits**<\/span><\/li>\n<li><span style=\"font-weight: 400;\">Programmes de stabilisation et d&rsquo;intervention<\/span><\/li>\n<\/ul>\n<\/li>\n<li><span style=\"font-weight: 400;\">Transit et transport<\/span>\n<ul>\n<li>En plus de la s\u00e9curit\u00e9 dans l&rsquo;industrie du sexe, cette demande va de pair avec la n\u00e9cessit\u00e9 d&rsquo;avoir des endroits s\u00fbrs o\u00f9 aller pour obtenir de l&rsquo;aide et de l&rsquo;assistance, ainsi que la capacit\u00e9 d&rsquo;acc\u00e9der \u00e0 des lieux de s\u00e9curit\u00e9 et de services.<\/li>\n<\/ul>\n<\/li>\n<li><span style=\"font-weight: 400;\">Reconnaissance du droit \u00e0 la s\u00e9curit\u00e9 humaine.<\/span><\/li>\n<li><span style=\"font-weight: 400;\">Autod\u00e9termination \/ d\u00e9veloppement \u00e9conomique et social.<\/span><\/li>\n<li><span style=\"font-weight: 400;\">Nouveaux logements \/ r\u00e9parations.<\/span>\n<ul>\n<li>Strat\u00e9gie de logement Autochtone urbain &#8211; acc\u00e8s \u00e0 un logement s\u00fbr, \u00e0 la mobilit\u00e9, \u00e0 la lutte contre la surpopulation, et \u00e0 la pr\u00e9vention de la violence et de l&rsquo;exploitation sexuelle.<\/li>\n<\/ul>\n<\/li>\n<li><span style=\"font-weight: 400;\">Programmes et services pour les femmes, les filles et les personnes 2ELGBTQQIA+ autochtones dans l&rsquo;industrie du sexe pour promouvoir leur s\u00e9curit\u00e9.<\/span><\/li>\n<li>L\u00e9gislation sur les travailleurs du sexe &#8211; actuellement, ce sont les femmes qui sont condamn\u00e9es, qui ont un casier judiciaire, et qui ne peuvent ensuite pas obtenir d&#8217;emploi gouvernemental, tandis que les hommes qui cr\u00e9ent le march\u00e9 restent impunis.\n<ul>\n<li>Ressources communautaires pour les femmes autochtones urbaines, les filles et les personnes 2SLBGTQQIA+, qui devraient \u00eatre bas\u00e9es sur le soutien \u00e0 l&rsquo;\u00e9ducation et \u00e0 l&#8217;emploi des individus. Il y a beaucoup de travail \u00e0 faire pour se remettre des cycles de pauvret\u00e9 et de violence dus \u00e0 la colonisation, \u00e0 l&rsquo;assimilation et au g\u00e9nocide. L&rsquo;\u00e9ducation, la formation et l&#8217;emploi sont une voie critique et n\u00e9cessitent des investissements d\u00e9di\u00e9s et \u00e0 long terme.<\/li>\n<\/ul>\n<\/li>\n<li><b>Bien-\u00eatre des enfants <\/b><span style=\"font-weight: 400;\">&#8211; soutien aux enfants et aux familles. Les approches fond\u00e9es sur les distinctions signifient que certains enfants seront n\u00e9glig\u00e9s dans les milieux urbains.<\/span><\/li>\n<li><strong>Programmes et services communautaires ax\u00e9s sur la communaut\u00e9<\/strong> &#8211; programmes de stabilisation et d&rsquo;intervention (financ\u00e9s de mani\u00e8re appropri\u00e9e et ax\u00e9s sur la communaut\u00e9), opportunit\u00e9s \u00e9ducatives, de formation et d&#8217;emploi. Planification de la s\u00e9curit\u00e9\/normes sociales (le curriculum peut \u00eatre d\u00e9velopp\u00e9 puis mis en \u0153uvre \u00e0 long terme. Cependant, on reconna\u00eet qu&rsquo;il existe d\u00e9j\u00e0 beaucoup de curriculum. La S\u00e9curit\u00e9 publique pourrait financer des organisations communautaires pour leur permettre de planifier d&rsquo;urgence et de planifier la s\u00e9curit\u00e9)<\/li>\n<li><strong>Communication\/\u00e9ducation\/r\u00e9duction de la stigmatisation<\/strong> &#8211; r\u00e9duire la stigmatisation li\u00e9e \u00e0 l&rsquo;usage de substances\/campagne (la campagne de communication pourrait se concentrer sur l&rsquo;\u00e9ducation, les ressources et les supports pour les organisations communautaires) \u2013 campagne \u00ab\u00a0il n&rsquo;est jamais acceptable d&rsquo;avoir des relations sexuelles avec un enfant\u00a0\u00bb\/strat\u00e9gies de pr\u00e9vention, sensibilisation et d\u00e9tail des mod\u00e8les d&rsquo;intervention pour aborder les femmes, les filles et les personnes 2ELGBTQQIA+ M\u00e9tisses<\/li>\n<li><strong>Lutte contre la violence<\/strong> -perp\u00e9tr\u00e9e par l&rsquo;\u00c9tat, la police, les lois, les gouvernements des Premi\u00e8res Nations, inuits et M\u00e9tis<\/li>\n<li>Programmes de stabilisation et d&rsquo;intervention.<\/li>\n<\/ul>\n<\/div><\/div><\/div><div class=\"fusion-panel panel-default panel-7f41fca89f0f622bc fusion-toggle-has-divider\" style=\"--awb-title-color:#ffffff;\"><div class=\"panel-heading\"><h3 class=\"panel-title toggle\" id=\"toggle_7f41fca89f0f622bc\"><a aria-expanded=\"false\" aria-controls=\"7f41fca89f0f622bc\" role=\"button\" data-toggle=\"collapse\" data-target=\"#7f41fca89f0f622bc\" href=\"#7f41fca89f0f622bc\"><span class=\"fusion-toggle-icon-wrapper\" aria-hidden=\"true\"><i class=\"fa-fusion-box active-icon fa-times fas\" aria-hidden=\"true\"><\/i><i class=\"fa-fusion-box inactive-icon fa-plus fas\" aria-hidden=\"true\"><\/i><\/span><span class=\"fusion-toggle-heading\">Les priorit\u00e9s imm\u00e9diates suppl\u00e9mentaires comprennent<\/span><\/a><\/h3><\/div><div id=\"7f41fca89f0f622bc\" class=\"panel-collapse collapse \" aria-labelledby=\"toggle_7f41fca89f0f622bc\"><div class=\"panel-body toggle-content fusion-clearfix\">\n<ul>\n<li><span style=\"font-weight: 400;\">Aborder l&rsquo;exploitation<\/span><\/li>\n<li><span style=\"font-weight: 400;\">Un large \u00e9ventail de services\/une d\u00e9finition \u00e9largie de la violence<\/span><\/li>\n<li><span style=\"font-weight: 400;\">La traite des \u00eatres humains &#8211; 9 sur 10 sont victimes de la traite d&rsquo;une zone urbaine \u00e0 <\/span>une autre.<\/li>\n<li><span style=\"font-weight: 400;\">Campagne contre le sexisme (il est acceptable d&rsquo;\u00eatre et de se sentir joli)<\/span><\/li>\n<li><span style=\"font-weight: 400;\">Planification de la s\u00e9curit\u00e9\/normes sociales<\/span><\/li>\n<li><span style=\"font-weight: 400;\">Ind\u00e9pendance \u00e9conomique &#8211; les emplois offrent une opportunit\u00e9 pour une bonne vie et <\/span>un environnement s\u00fbr et stable<\/li>\n<li><span style=\"font-weight: 400;\">Impact du colonialisme\/affirmation des droits \u00e0 l&rsquo;autod\u00e9termination<\/span><\/li>\n<li><span style=\"font-weight: 400;\">Syst\u00e8me de style d&rsquo;alerte m\u00e9dicale pour les femmes et les enfants en positions vuln\u00e9rables<\/span><\/li>\n<li><span style=\"font-weight: 400;\">L\u00e9gislation sur la protection de l&rsquo;enfance pour les enfants vivant en dehors des territoires traditionnels, y compris tous les enfants qui sont **Inuk mais non-b\u00e9n\u00e9ficiaires<\/span><\/li>\n<\/ul>\n<\/div><\/div><\/div><div class=\"fusion-panel panel-default panel-0882f6a916bc6e94a fusion-toggle-has-divider\" style=\"--awb-title-color:#ffffff;\"><div class=\"panel-heading\"><h3 class=\"panel-title toggle\" id=\"toggle_0882f6a916bc6e94a\"><a aria-expanded=\"false\" aria-controls=\"0882f6a916bc6e94a\" role=\"button\" data-toggle=\"collapse\" data-target=\"#0882f6a916bc6e94a\" href=\"#0882f6a916bc6e94a\"><span class=\"fusion-toggle-icon-wrapper\" aria-hidden=\"true\"><i class=\"fa-fusion-box active-icon fa-times fas\" aria-hidden=\"true\"><\/i><i class=\"fa-fusion-box inactive-icon fa-plus fas\" aria-hidden=\"true\"><\/i><\/span><span class=\"fusion-toggle-heading\">Priorit\u00e9s \u00e0 moyen et long terme<\/span><\/a><\/h3><\/div><div id=\"0882f6a916bc6e94a\" class=\"panel-collapse collapse \" aria-labelledby=\"toggle_0882f6a916bc6e94a\"><div class=\"panel-body toggle-content fusion-clearfix\">\n<ul>\n<li><span style=\"font-weight: 400;\">Autod\u00e9termination \/ d\u00e9veloppement \u00e9conomique et social &#8211; financement \u00e0 long terme et durable con\u00e7u pour r\u00e9pondre aux besoins et objectifs tels que d\u00e9finis par les peuples et les communaut\u00e9s des Premi\u00e8res Nations, des Inuits et des M\u00e9tis.<\/span><\/li>\n<li><span style=\"font-weight: 400;\">\u00c9tablir un revenu annuel garanti viable pour tous les Canadiens, y compris les peuples <\/span>des Premi\u00e8res Nations, les Inuits et les M\u00e9tis, pour r\u00e9pondre \u00e0 tous leurs besoins sociaux et \u00e9conomiques.<\/li>\n<li><span style=\"font-weight: 400;\">Examiner la collaboration juridictionnelle pour des pratiques judicieuses et partager les connaissances.<\/span><\/li>\n<li>Poursuivre le travail sur la campagne &#8211; \u00ab jamais acceptable d&rsquo;avoir des relations sexuelles avec un enfant \u00bb et \u00ab mettre fin \u00e0 la violence contre les femmes autochtones, les filles et les personnes 2ELGBTQQIA+ \u00bb<\/li>\n<li>Mise en \u0153uvre et formations<\/li>\n<li>Strat\u00e9gies pour pr\u00e9venir, sensibiliser et d\u00e9tailler les mod\u00e8les d&rsquo;intervention pour adresser les femmes, les filles et les personnes 2ELGBTQQIA+ M\u00e9tis et l&rsquo;impact de la colonisation\/affirmer les droits \u00e0 l&rsquo;autod\u00e9termination<\/li>\n<\/ul>\n<\/div><\/div><\/div><div class=\"fusion-panel panel-default panel-7db45ba29974891b2 fusion-toggle-has-divider\" style=\"--awb-title-color:#ffffff;\"><div class=\"panel-heading\"><h3 class=\"panel-title toggle\" id=\"toggle_7db45ba29974891b2\"><a aria-expanded=\"false\" aria-controls=\"7db45ba29974891b2\" role=\"button\" data-toggle=\"collapse\" data-target=\"#7db45ba29974891b2\" href=\"#7db45ba29974891b2\"><span class=\"fusion-toggle-icon-wrapper\" aria-hidden=\"true\"><i class=\"fa-fusion-box active-icon fa-times fas\" aria-hidden=\"true\"><\/i><i class=\"fa-fusion-box inactive-icon fa-plus fas\" aria-hidden=\"true\"><\/i><\/span><span class=\"fusion-toggle-heading\">Priorit\u00e9s suppl\u00e9mentaires \u00e0 long terme<\/span><\/a><\/h3><\/div><div id=\"7db45ba29974891b2\" class=\"panel-collapse collapse \" aria-labelledby=\"toggle_7db45ba29974891b2\"><div class=\"panel-body toggle-content fusion-clearfix\">\n<ul>\n<li><span style=\"font-weight: 400;\">Autod\u00e9termination dans la programmation autochtone urbaine \/ d\u00e9volution des services du gouvernement aux entit\u00e9s dirig\u00e9es par la communaut\u00e9 : d\u00e9veloppement \u00e9conomique et social \/ \u00e9ducation, formation et opportunit\u00e9s d&#8217;emploi.<\/span><\/li>\n<li>Identifier les responsabilit\u00e9s (\u00c9tat, application de la loi, autres syst\u00e8mes) : aborder la violence &#8211; \u00c9tat, police, lois, gouvernements des Premi\u00e8res Nations, des Inuits et des M\u00e9tis s&rsquo;attaquant \u00e0 l&rsquo;exploitation<\/li>\n<li>Favoriser l&rsquo;ind\u00e9pendance \u00e9conomique des femmes des Premi\u00e8res Nations, des Inuits et des M\u00e9tis (d\u00e9veloppement des affaires, entrepreneuriat, entreprises sociales, \u00e9ducation financi\u00e8re), l&rsquo;ind\u00e9pendance \u00e9conomique (voir les Centres d&rsquo;amiti\u00e9 autochtones de la Saskatchewan Honorant son \u00c9tincelle), emplois<\/li>\n<li>Offrir une opportunit\u00e9 pour une vie bonne et un environnement s\u00fbr et stable.<\/li>\n<li>D\u00e9coloniser\/indig\u00e9niser : impact de la colonisation<\/li>\n<li>Infrastructure des services communautaires\/infrastructure d\u00e9tenue par la communaut\u00e9\/\u00e9conomie urbaine comme discut\u00e9 dans la Section 3.3 (Ressources)<\/li>\n<\/ul>\n<\/div><\/div><\/div><\/div><\/div><\/div><\/div><div class=\"fusion-layout-column fusion_builder_column fusion-builder-column-6 fusion_builder_column_1_2 1_2 fusion-flex-column\" style=\"--awb-bg-size:cover;--awb-width-large:50%;--awb-margin-top-large:0px;--awb-spacing-right-large:3.84%;--awb-margin-bottom-large:0px;--awb-spacing-left-large:3.84%;--awb-width-medium:100%;--awb-order-medium:0;--awb-spacing-right-medium:1.92%;--awb-spacing-left-medium:1.92%;--awb-width-small:100%;--awb-order-small:0;--awb-spacing-right-small:1.92%;--awb-spacing-left-small:1.92%;\"><div class=\"fusion-column-wrapper fusion-column-has-shadow fusion-flex-justify-content-flex-start fusion-content-layout-column\"><div class=\"fusion-image-element \" style=\"--awb-aspect-ratio:1 \/ 1;--awb-object-position:16% 33%;--awb-mask-url: url(https:\/\/urbanindigenousactiongroup.ca\/wp-content\/uploads\/2024\/01\/Path-1479.svg);--awb-max-width:480px;--awb-caption-title-font-family:var(--h2_typography-font-family);--awb-caption-title-font-weight:var(--h2_typography-font-weight);--awb-caption-title-font-style:var(--h2_typography-font-style);--awb-caption-title-size:var(--h2_typography-font-size);--awb-caption-title-transform:var(--h2_typography-text-transform);--awb-caption-title-line-height:var(--h2_typography-line-height);--awb-caption-title-letter-spacing:var(--h2_typography-letter-spacing);\"><div style=\"display:inline-block;width:480px;\"><span class=\" fusion-imageframe imageframe-none imageframe-5 hover-type-none has-mask has-aspect-ratio\" style=\"z-index:10;\"><img decoding=\"async\" width=\"768\" height=\"512\" alt=\"Une femme aux longs ongles rouges attache un ruban rouge \u00e0 un arbre pour comm\u00e9morer un \u00eatre-cher touch\u00e9 par la crise des femmes, des filles et des personnes Autochtones disparues ou assassin\u00e9es.\" title=\"Ribbons\" src=\"https:\/\/urbanindigenousactiongroup.ca\/wp-content\/uploads\/2024\/04\/Ribbons-scaled.jpg\" data-orig-src=\"https:\/\/urbanindigenousactiongroup.ca\/wp-content\/uploads\/2024\/04\/Ribbons-768x512.jpg\" class=\"lazyload img-responsive wp-image-1174 img-with-aspect-ratio\" srcset=\"data:image\/svg+xml,%3Csvg%20xmlns%3D%27http%3A%2F%2Fwww.w3.org%2F2000%2Fsvg%27%20width%3D%272560%27%20height%3D%271707%27%20viewBox%3D%270%200%202560%201707%27%3E%3Crect%20width%3D%272560%27%20height%3D%271707%27%20fill-opacity%3D%220%22%2F%3E%3C%2Fsvg%3E\" data-srcset=\"https:\/\/urbanindigenousactiongroup.ca\/wp-content\/uploads\/2024\/04\/Ribbons-200x133.jpg 200w, https:\/\/urbanindigenousactiongroup.ca\/wp-content\/uploads\/2024\/04\/Ribbons-400x267.jpg 400w, https:\/\/urbanindigenousactiongroup.ca\/wp-content\/uploads\/2024\/04\/Ribbons-600x400.jpg 600w, https:\/\/urbanindigenousactiongroup.ca\/wp-content\/uploads\/2024\/04\/Ribbons-800x533.jpg 800w, https:\/\/urbanindigenousactiongroup.ca\/wp-content\/uploads\/2024\/04\/Ribbons-1200x800.jpg 1200w\" data-sizes=\"auto\" data-orig-sizes=\"(max-width: 1048px) 100vw, (max-width: 768px) 100vw, 800px\" \/><\/span><\/div><\/div><div class=\"fusion-image-element \" style=\"--awb-margin-top:-15%;--awb-margin-left:10%;--awb-caption-title-font-family:var(--h2_typography-font-family);--awb-caption-title-font-weight:var(--h2_typography-font-weight);--awb-caption-title-font-style:var(--h2_typography-font-style);--awb-caption-title-size:var(--h2_typography-font-size);--awb-caption-title-transform:var(--h2_typography-text-transform);--awb-caption-title-line-height:var(--h2_typography-line-height);--awb-caption-title-letter-spacing:var(--h2_typography-letter-spacing);\"><span class=\" fusion-imageframe imageframe-none imageframe-6 hover-type-none bgimage\"><img decoding=\"async\" width=\"197\" height=\"144\" title=\"Path 1491\" src=\"data:image\/svg+xml,%3Csvg%20xmlns%3D%27http%3A%2F%2Fwww.w3.org%2F2000%2Fsvg%27%20width%3D%27197%27%20height%3D%27144%27%20viewBox%3D%270%200%20197%20144%27%3E%3Crect%20width%3D%27197%27%20height%3D%27144%27%20fill-opacity%3D%220%22%2F%3E%3C%2Fsvg%3E\" data-orig-src=\"https:\/\/urbanindigenousactiongroup.ca\/wp-content\/uploads\/2024\/01\/Path-1491.svg\" alt class=\"lazyload img-responsive wp-image-564\"\/><\/span><\/div><\/div><\/div><\/div><\/div><div class=\"fusion-fullwidth fullwidth-box fusion-builder-row-5 fusion-flex-container has-pattern-background has-mask-background fusion-parallax-none nonhundred-percent-fullwidth non-hundred-percent-height-scrolling lazyload\" style=\"--awb-border-radius-top-left:0px;--awb-border-radius-top-right:0px;--awb-border-radius-bottom-right:0px;--awb-border-radius-bottom-left:0px;--awb-padding-top:100px;--awb-padding-bottom:100px;--awb-padding-right-medium:20px;--awb-padding-left-medium:20px;--awb-background-color:var(--awb-color4);--awb-background-image:linear-gradient(90deg, rgba(226,229,224,0) 0%,var(--awb-color3) 50%);;--awb-background-size:cover;--awb-flex-wrap:wrap;\" data-bg=\"https:\/\/urbanindigenousactiongroup.ca\/wp-content\/uploads\/2024\/01\/Path-290.svg\" data-bg-gradient=\"linear-gradient(90deg, rgba(226,229,224,0) 0%,var(--awb-color3) 50%)\" ><div class=\"fusion-builder-row fusion-row fusion-flex-align-items-flex-start fusion-flex-content-wrap\" style=\"max-width:1331.2px;margin-left: calc(-4% \/ 2 );margin-right: calc(-4% \/ 2 );\"><div class=\"fusion-layout-column fusion_builder_column fusion-builder-column-7 fusion_builder_column_1_2 1_2 fusion-flex-column\" style=\"--awb-bg-size:cover;--awb-width-large:50%;--awb-margin-top-large:0px;--awb-spacing-right-large:3.84%;--awb-margin-bottom-large:0px;--awb-spacing-left-large:3.84%;--awb-width-medium:100%;--awb-order-medium:1;--awb-spacing-right-medium:1.92%;--awb-spacing-left-medium:1.92%;--awb-width-small:100%;--awb-order-small:0;--awb-spacing-right-small:1.92%;--awb-spacing-left-small:1.92%;\" data-scroll-devices=\"small-visibility,medium-visibility,large-visibility\"><div class=\"fusion-column-wrapper fusion-column-has-shadow fusion-flex-justify-content-flex-start fusion-content-layout-column\"><div class=\"fusion-image-element \" style=\"--awb-aspect-ratio:1 \/ 1;--awb-object-position:16% 33%;--awb-mask-url: url(https:\/\/urbanindigenousactiongroup.ca\/wp-content\/uploads\/2024\/01\/Path-1479.svg);--awb-max-width:480px;--awb-caption-title-font-family:var(--h2_typography-font-family);--awb-caption-title-font-weight:var(--h2_typography-font-weight);--awb-caption-title-font-style:var(--h2_typography-font-style);--awb-caption-title-size:var(--h2_typography-font-size);--awb-caption-title-transform:var(--h2_typography-text-transform);--awb-caption-title-line-height:var(--h2_typography-line-height);--awb-caption-title-letter-spacing:var(--h2_typography-letter-spacing);\"><div style=\"display:inline-block;width:480px;\"><span class=\" fusion-imageframe imageframe-none imageframe-7 hover-type-none has-mask has-aspect-ratio\" style=\"z-index:10;\"><img decoding=\"async\" width=\"768\" height=\"512\" alt=\"Un monument se dresse sur le bord de la rivi\u00e8re Rouge au Manitoba. Ce monument est entour\u00e9 de roches avec des empreintes de mains rouges peintes, des fleurs, d&#039;autres messages et de petits objets d\u00e9di\u00e9s aux membres de la famille touch\u00e9s par la crise des femmes, des filles et des personnes autochtones disparues ou assassin\u00e9es.\" title=\"MMIWG2Smonument.wpg\" src=\"https:\/\/urbanindigenousactiongroup.ca\/wp-content\/uploads\/2024\/04\/MMIWG2Smonument.wpg_-scaled.jpg\" data-orig-src=\"https:\/\/urbanindigenousactiongroup.ca\/wp-content\/uploads\/2024\/04\/MMIWG2Smonument.wpg_-768x512.jpg\" class=\"lazyload img-responsive wp-image-1176 img-with-aspect-ratio\" srcset=\"data:image\/svg+xml,%3Csvg%20xmlns%3D%27http%3A%2F%2Fwww.w3.org%2F2000%2Fsvg%27%20width%3D%272560%27%20height%3D%271707%27%20viewBox%3D%270%200%202560%201707%27%3E%3Crect%20width%3D%272560%27%20height%3D%271707%27%20fill-opacity%3D%220%22%2F%3E%3C%2Fsvg%3E\" data-srcset=\"https:\/\/urbanindigenousactiongroup.ca\/wp-content\/uploads\/2024\/04\/MMIWG2Smonument.wpg_-200x133.jpg 200w, https:\/\/urbanindigenousactiongroup.ca\/wp-content\/uploads\/2024\/04\/MMIWG2Smonument.wpg_-400x267.jpg 400w, https:\/\/urbanindigenousactiongroup.ca\/wp-content\/uploads\/2024\/04\/MMIWG2Smonument.wpg_-600x400.jpg 600w, https:\/\/urbanindigenousactiongroup.ca\/wp-content\/uploads\/2024\/04\/MMIWG2Smonument.wpg_-800x533.jpg 800w, https:\/\/urbanindigenousactiongroup.ca\/wp-content\/uploads\/2024\/04\/MMIWG2Smonument.wpg_-1200x800.jpg 1200w\" data-sizes=\"auto\" data-orig-sizes=\"(max-width: 1048px) 100vw, (max-width: 768px) 100vw, 800px\" \/><\/span><\/div><\/div><div class=\"fusion-image-element \" style=\"--awb-margin-top:-15%;--awb-margin-left:10%;--awb-caption-title-font-family:var(--h2_typography-font-family);--awb-caption-title-font-weight:var(--h2_typography-font-weight);--awb-caption-title-font-style:var(--h2_typography-font-style);--awb-caption-title-size:var(--h2_typography-font-size);--awb-caption-title-transform:var(--h2_typography-text-transform);--awb-caption-title-line-height:var(--h2_typography-line-height);--awb-caption-title-letter-spacing:var(--h2_typography-letter-spacing);\"><span class=\" fusion-imageframe imageframe-none imageframe-8 hover-type-none bgimage\"><img decoding=\"async\" width=\"199\" height=\"132\" title=\"Path 1451\" src=\"data:image\/svg+xml,%3Csvg%20xmlns%3D%27http%3A%2F%2Fwww.w3.org%2F2000%2Fsvg%27%20width%3D%27199%27%20height%3D%27132%27%20viewBox%3D%270%200%20199%20132%27%3E%3Crect%20width%3D%27199%27%20height%3D%27132%27%20fill-opacity%3D%220%22%2F%3E%3C%2Fsvg%3E\" data-orig-src=\"https:\/\/urbanindigenousactiongroup.ca\/wp-content\/uploads\/2024\/01\/Path-1451.svg\" alt class=\"lazyload img-responsive wp-image-525\"\/><\/span><\/div><\/div><\/div><div class=\"fusion-layout-column fusion_builder_column fusion-builder-column-8 fusion_builder_column_1_2 1_2 fusion-flex-column\" style=\"--awb-bg-size:cover;--awb-width-large:50%;--awb-margin-top-large:0px;--awb-spacing-right-large:3.84%;--awb-margin-bottom-large:0px;--awb-spacing-left-large:3.84%;--awb-width-medium:100%;--awb-order-medium:0;--awb-spacing-right-medium:1.92%;--awb-spacing-left-medium:1.92%;--awb-width-small:100%;--awb-order-small:0;--awb-spacing-right-small:1.92%;--awb-spacing-left-small:1.92%;\"><div class=\"fusion-column-wrapper fusion-column-has-shadow fusion-flex-justify-content-flex-start fusion-content-layout-column\"><div class=\"fusion-title title fusion-title-5 fusion-sep-none fusion-title-text fusion-title-size-two\"><h2 class=\"fusion-title-heading title-heading-left fusion-responsive-typography-calculated\" style=\"margin:0;--fontSize:42;line-height:1.5;\">Droit \u00e0 la Justice<\/h2><\/div><div class=\"fusion-text fusion-text-5\"><p><strong>Objectif<\/strong>: R\u00e9former la justice de mani\u00e8re co-d\u00e9velopp\u00e9e pour restaurer, r\u00e9cup\u00e9rer et revitaliser les lois et approches culturellement appropri\u00e9es des Premi\u00e8res Nations, des Inuits et des M\u00e9tis pour am\u00e9liorer les r\u00e9sultats \u00e0 court et \u00e0 long terme pour les femmes, les filles et les personnes 2ELGBTQQIA+, peu importe o\u00f9 elles r\u00e9sident.<\/p>\n<\/div><div class=\"accordian fusion-accordian\" style=\"--awb-border-size:0px;--awb-icon-size:18px;--awb-content-font-size:18px;--awb-icon-alignment:right;--awb-hover-color:#f9f9f9;--awb-border-color:#cccccc;--awb-background-color:var(--awb-color1);--awb-divider-color:#e0dede;--awb-divider-hover-color:#e0dede;--awb-icon-color:#ffffff;--awb-title-color:#ffffff;--awb-content-color:var(--awb-color2);--awb-icon-box-color:#ffffff;--awb-toggle-hover-accent-color:var(--awb-color1);--awb-title-font-family:&quot;Rubik&quot;;--awb-title-font-weight:700;--awb-title-font-style:normal;--awb-title-font-size:18px;--awb-title-text-transform:uppercase;--awb-content-font-family:&quot;Rubik&quot;;--awb-content-font-style:normal;--awb-content-font-weight:400;\"><div class=\"panel-group fusion-toggle-icon-right fusion-toggle-icon-unboxed\" id=\"accordion-1017-4\"><div class=\"fusion-panel panel-default panel-bbca90c81572918f4 fusion-toggle-no-divider fusion-toggle-boxed-mode\" style=\"--awb-title-color:#333333;\"><div class=\"panel-heading\"><h3 class=\"panel-title toggle\" id=\"toggle_bbca90c81572918f4\"><a aria-expanded=\"false\" aria-controls=\"bbca90c81572918f4\" role=\"button\" data-toggle=\"collapse\" data-target=\"#bbca90c81572918f4\" href=\"#bbca90c81572918f4\"><span class=\"fusion-toggle-icon-wrapper\" aria-hidden=\"true\"><i class=\"fa-fusion-box active-icon fa-times fas\" aria-hidden=\"true\"><\/i><i class=\"fa-fusion-box inactive-icon fa-plus fas\" aria-hidden=\"true\"><\/i><\/span><span class=\"fusion-toggle-heading\">Priorit\u00e9s Imm\u00e9diates<\/span><\/a><\/h3><\/div><div id=\"bbca90c81572918f4\" class=\"panel-collapse collapse \" aria-labelledby=\"toggle_bbca90c81572918f4\"><div class=\"panel-body toggle-content fusion-clearfix\">\n<ul>\n<li>Soutenir les victimes de crimes et les familles des femmes, filles et personnes 2SLGBQQIA+ disparues ou assassin\u00e9es.\n<ul>\n<li>Besoin imm\u00e9diat de soutenir les victimes actuelles de la criminalit\u00e9, les familles et les communaut\u00e9s avec un large \u00e9ventail de services juridiques, de sant\u00e9 et de gu\u00e9rison. Il existe d&rsquo;importantes disparit\u00e9s r\u00e9gionales.\n<ul>\n<li>Ces services sont actuellement inexistants et\/ou mal financ\u00e9s et\/ou dirig\u00e9s par des non-autochtones. Des investissements cibl\u00e9s pour rem\u00e9dier \u00e0 ces disparit\u00e9s r\u00e9gionales devraient \u00eatre des priorit\u00e9s imm\u00e9diates.<\/li>\n<li>Ressources pour les familles et les r\u00e9seaux de parent\u00e9 des victimes\/ programmes \u00e9ducatifs\/strat\u00e9gie globale pour les enfants, y compris des programmes ax\u00e9s sur la gu\u00e9rison, qui sont d&rsquo;une importance cruciale.<\/li>\n<\/ul>\n<\/li>\n<\/ul>\n<\/li>\n<li>L\u00e9gislation sur les personnes disparues\n<ul>\n<li>Cela devrait commencer imm\u00e9diatement et se poursuivre \u00e0 court terme. Cela peut \u00e9galement inclure la cr\u00e9ation d&rsquo;une banque de donn\u00e9es nationale avec des ressources pour enqu\u00eater et retrouver les femmes, les filles et les personnes 2ELGBTQQIA+ disparues.<\/li>\n<\/ul>\n<\/li>\n<li>Programmes de justice r\u00e9paratrice et tribunaux des Premi\u00e8res Nations, des Inuits et des M\u00e9tis.<\/li>\n<li>Appels \u00e0 la Justice 5.7, et 5.15-5.21<\/li>\n<li>Des places \u00e0 la table &#8211; \u201cRien \u00e0 propos de nous sans nous\u201d<\/li>\n<\/ul>\n<\/div><\/div><\/div><div class=\"fusion-panel panel-default panel-0eae287d2175bc07a fusion-toggle-no-divider fusion-toggle-boxed-mode\" style=\"--awb-title-color:#333333;\"><div class=\"panel-heading\"><h3 class=\"panel-title toggle\" id=\"toggle_0eae287d2175bc07a\"><a aria-expanded=\"false\" aria-controls=\"0eae287d2175bc07a\" role=\"button\" data-toggle=\"collapse\" data-target=\"#0eae287d2175bc07a\" href=\"#0eae287d2175bc07a\"><span class=\"fusion-toggle-icon-wrapper\" aria-hidden=\"true\"><i class=\"fa-fusion-box active-icon fa-times fas\" aria-hidden=\"true\"><\/i><i class=\"fa-fusion-box inactive-icon fa-plus fas\" aria-hidden=\"true\"><\/i><\/span><span class=\"fusion-toggle-heading\">D'autres priorit\u00e9s imm\u00e9diates incluent<\/span><\/a><\/h3><\/div><div id=\"0eae287d2175bc07a\" class=\"panel-collapse collapse \" aria-labelledby=\"toggle_0eae287d2175bc07a\"><div class=\"panel-body toggle-content fusion-clearfix\">\n<ul>\n<li><span style=\"font-weight: 400;\">Assurer que les probl\u00e8mes inuits sont inclus dans la formation des forces de police.<\/span><\/li>\n<li><span style=\"font-weight: 400;\">Meilleures pratiques pour la r\u00e9ponse polici\u00e8re aux rapports de personnes disparues.<\/span><\/li>\n<li><span style=\"font-weight: 400;\">Transformation de la police des Premi\u00e8res Nations, des Inuits et des M\u00e9tis.<\/span><\/li>\n<li><span style=\"font-weight: 400;\">R\u00e9viser et modifier le Code criminel.<\/span><\/li>\n<li><span style=\"font-weight: 400;\">Rapports et principes Gladue<\/span><\/li>\n<li><span style=\"font-weight: 400;\">Acc\u00e8s \u00e9quitable des ** M\u00e9tis aux ressources des rapports Gladue pour soutenir les communaut\u00e9s ** Inuit<\/span><\/li>\n<li><span style=\"font-weight: 400;\">Recrutement et \u00e9ducation culturelle<\/span><\/li>\n<li><span style=\"font-weight: 400;\">Repr\u00e9sentation juridique \/ acc\u00e8s \u00e0 l&rsquo;aide juridique<\/span><\/li>\n<li><span style=\"font-weight: 400;\">Corrections &#8211; engagement \u00e0 \u00e9liminer la surrepr\u00e9sentation des personnes des Premi\u00e8res Nations, Inuit et M\u00e9tis en d\u00e9tention au cours de la prochaine d\u00e9cennie, et que les m\u00e9canismes de d\u00e9claration incluent des rapports sp\u00e9cifiques sur tous les aspects du syst\u00e8me de justice p\u00e9nale, y compris, mais sans s&rsquo;y limiter, les services de police, les corrections communautaires, les prisons et les lib\u00e9rations conditionnelles. Organismes de surveillance civile.<\/span><\/li>\n<li><span style=\"font-weight: 400;\">Sur-repr\u00e9sentation des ** M\u00e9tis en d\u00e9tention \/ veiller \u00e0 ce qu&rsquo;ils soient correctement identifi\u00e9s comme ** M\u00e9tis dans le syst\u00e8me de justice.<\/span><\/li>\n<li><span style=\"font-weight: 400;\">Les agresseurs &#8211; qui prennent et tuent ces femmes? Responsabilit\u00e9 dans le syst\u00e8me et responsabilit\u00e9 individuelle \/ ressources pour traduire les auteurs en justice. Programmes de pr\u00e9vention &#8211; programmes \u00e9ducatifs pour les jeunes, y compris la pr\u00e9vention de la violence en milieu scolaire et l&rsquo;\u00e9ducation \u00e0 la justice sociale &#8211; ax\u00e9s sur l&rsquo;enseignement du respect des femmes, des filles et des personnes 2ELGBTQQIA+. Programmes de justice r\u00e9paratrice &#8211; aborder les causes et les circonstances sous-jacentes \/ informations de gu\u00e9rison et soutiens pour s&rsquo;\u00e9loigner de la violence (diff\u00e9rentes interventions sont n\u00e9cessaires lorsque les personnes qui abusent ont elles-m\u00eames \u00e9t\u00e9 abus\u00e9es ou ont agi en r\u00e9ponse \u00e0 des d\u00e9faillances syst\u00e9matiques)<\/span><\/li>\n<li><span style=\"font-weight: 400;\">Programmes de s\u00e9curit\u00e9 \/ sensibilisation \/ pr\u00e9vention<\/span><\/li>\n<li><span style=\"font-weight: 400;\">Banque de donn\u00e9es nationale<\/span><\/li>\n<li><span style=\"font-weight: 400;\">Mettre fin \u00e0 la criminalisation &#8211; arr\u00eater la marginalisation, la victimisation, la criminalisation et l&rsquo;institutionnalisation des peuples Autochtones et examiner la criminalisation du point de vue de la victime. Par exemple, cesser de criminaliser les personnes pour usage et possession de substances, qui devraient \u00eatre trait\u00e9es comme une urgence sanitaire plut\u00f4t que comme un crime. La criminalisation touche de mani\u00e8re disproportionn\u00e9e les peuples autochtones, qui sont \u00e9galement les plus touch\u00e9s par les surdoses \/ empoisonnements. Arr\u00eater de criminaliser les personnes qui participent \u00e0 l&rsquo;industrie du sex pour survivre. Nous devrions aider les gens et r\u00e9pondre \u00e0 leur perte d&rsquo;autonomie.<\/span><\/li>\n<li><span style=\"font-weight: 400;\">Aborder la m\u00e9fiance extr\u00eame envers la police et les tribunaux<\/span><\/li>\n<li><span style=\"font-weight: 400;\">Pratiques de justice culturellement appropri\u00e9es<\/span><\/li>\n<li><span style=\"font-weight: 400;\">Examiner et r\u00e9former la loi sur la violence sexuelle et la violence conjugale<\/span><\/li>\n<\/ul>\n<\/div><\/div><\/div><div class=\"fusion-panel panel-default panel-4737f09a0315fb3c2 fusion-toggle-no-divider fusion-toggle-boxed-mode\" style=\"--awb-title-color:#333333;\"><div class=\"panel-heading\"><h3 class=\"panel-title toggle\" id=\"toggle_4737f09a0315fb3c2\"><a aria-expanded=\"false\" aria-controls=\"4737f09a0315fb3c2\" role=\"button\" data-toggle=\"collapse\" data-target=\"#4737f09a0315fb3c2\" href=\"#4737f09a0315fb3c2\"><span class=\"fusion-toggle-icon-wrapper\" aria-hidden=\"true\"><i class=\"fa-fusion-box active-icon fa-times fas\" aria-hidden=\"true\"><\/i><i class=\"fa-fusion-box inactive-icon fa-plus fas\" aria-hidden=\"true\"><\/i><\/span><span class=\"fusion-toggle-heading\">Priorit\u00e9s \u00e0 moyen et long terme<\/span><\/a><\/h3><\/div><div id=\"4737f09a0315fb3c2\" class=\"panel-collapse collapse \" aria-labelledby=\"toggle_4737f09a0315fb3c2\"><div class=\"panel-body toggle-content fusion-clearfix\">Les priorit\u00e9s \u00e0 moyen et long terme incluent les priorit\u00e9s imm\u00e9diates \u00e9nonc\u00e9es ci-dessus, ainsi que les priorit\u00e9s suppl\u00e9mentaires suivantes pour le moyen terme:<\/p>\n<ul>\n<li>D\u00e9volution de la justice \u00e0 des solutions communautaires et restauration de la prise de d\u00e9cision locale et de l&rsquo;autorit\u00e9 communautaire.<\/li>\n<li>Exploration des concepts de justice et soutien aux femmes des Premi\u00e8res Nations, Inuit et M\u00e9tis ainsi qu&rsquo;aux communaut\u00e9s 2ELGBTQQIA+ pour explorer des approches alternatives<\/li>\n<li>\u00c9tablissement d&rsquo;un Centre de justice M\u00e9tis au sein de chaque organe gouvernemental M\u00e9tis<\/li>\n<li>S&rsquo;assurer que les probl\u00e8mes inuits sont inclus dans la formation des forces de police<\/li>\n<\/ul>\n<\/div><\/div><\/div><div class=\"fusion-panel panel-default panel-923f1c94fb784aa62 fusion-toggle-no-divider fusion-toggle-boxed-mode\" style=\"--awb-title-color:#333333;\"><div class=\"panel-heading\"><h3 class=\"panel-title toggle\" id=\"toggle_923f1c94fb784aa62\"><a aria-expanded=\"false\" aria-controls=\"923f1c94fb784aa62\" role=\"button\" data-toggle=\"collapse\" data-target=\"#923f1c94fb784aa62\" href=\"#923f1c94fb784aa62\"><span class=\"fusion-toggle-icon-wrapper\" aria-hidden=\"true\"><i class=\"fa-fusion-box active-icon fa-times fas\" aria-hidden=\"true\"><\/i><i class=\"fa-fusion-box inactive-icon fa-plus fas\" aria-hidden=\"true\"><\/i><\/span><span class=\"fusion-toggle-heading\">Priorit\u00e9s suppl\u00e9mentaires \u00e0 long terme<\/span><\/a><\/h3><\/div><div id=\"923f1c94fb784aa62\" class=\"panel-collapse collapse \" aria-labelledby=\"toggle_923f1c94fb784aa62\"><div class=\"panel-body toggle-content fusion-clearfix\">\n<ul>\n<li><span style=\"font-weight: 400;\">R\u00e9forme du droit p\u00e9nal : les rapports Gladue doivent articuler le probl\u00e8me du manque de mise en \u0153uvre des rapports Gladue et les limitations des rapports (c&rsquo;est-\u00e0-dire uniquement \u00e0 la condamnation)<\/span><\/li>\n<li><span style=\"font-weight: 400;\">Continuer \u00e0 s&rsquo;attaquer \u00e0 la m\u00e9fiance profond\u00e9ment enracin\u00e9e envers la police et les syst\u00e8mes judiciaires \u00e0 travers le Canada.<\/span><\/li>\n<\/ul>\n<\/div><\/div><\/div><\/div><\/div><\/div><\/div><\/div><\/div><\/p>\n","protected":false},"excerpt":{"rendered":"","protected":false},"author":2,"featured_media":0,"parent":0,"menu_order":0,"comment_status":"closed","ping_status":"closed","template":"100-width.php","meta":{"_acf_changed":false,"_exactmetrics_skip_tracking":false,"_exactmetrics_sitenote_active":false,"_exactmetrics_sitenote_note":"","_exactmetrics_sitenote_category":0,"footnotes":""},"class_list":["post-1017","page","type-page","status-publish","hentry"],"acf":[],"yoast_head":"<!-- This site is optimized with the Yoast SEO plugin v27.5 - https:\/\/yoast.com\/product\/yoast-seo-wordpress\/ -->\n<title>Panier de Droits - Urban Indigenous Action Group<\/title>\n<meta name=\"description\" content=\"Les couvertures sont courantes dans toutes les cultures. Elles nous prot\u00e8gent, gardent nos b\u00e9b\u00e9s et a\u00een\u00e9s au chaud, reconnaissent notre relation les uns aux autres et sont une n\u00e9cessit\u00e9 de la vie.\" \/>\n<meta name=\"robots\" content=\"index, follow, max-snippet:-1, max-image-preview:large, max-video-preview:-1\" \/>\n<link rel=\"canonical\" href=\"https:\/\/urbanindigenousactiongroup.ca\/fr\/panier-de-droits\" \/>\n<meta property=\"og:locale\" content=\"fr_FR\" \/>\n<meta property=\"og:type\" content=\"article\" \/>\n<meta property=\"og:title\" content=\"Panier de Droits - Urban Indigenous Action Group\" \/>\n<meta property=\"og:description\" content=\"Les couvertures sont courantes dans toutes les cultures. Elles nous prot\u00e8gent, gardent nos b\u00e9b\u00e9s et a\u00een\u00e9s au chaud, reconnaissent notre relation les uns aux autres et sont une n\u00e9cessit\u00e9 de la vie.\" \/>\n<meta property=\"og:url\" content=\"https:\/\/urbanindigenousactiongroup.ca\/fr\/panier-de-droits\" \/>\n<meta property=\"og:site_name\" content=\"Urban Indigenous Action Group\" \/>\n<meta property=\"article:publisher\" content=\"https:\/\/www.facebook.com\/MMIWG2S.UrbanIndigenousActionGroup\" \/>\n<meta property=\"article:modified_time\" content=\"2024-05-02T16:29:36+00:00\" \/>\n<meta name=\"twitter:card\" content=\"summary_large_image\" \/>\n<meta name=\"twitter:label1\" content=\"Dur\u00e9e de lecture estim\u00e9e\" \/>\n\t<meta name=\"twitter:data1\" content=\"14 minutes\" \/>\n<script type=\"application\/ld+json\" class=\"yoast-schema-graph\">{\"@context\":\"https:\\\/\\\/schema.org\",\"@graph\":[{\"@type\":\"WebPage\",\"@id\":\"https:\\\/\\\/urbanindigenousactiongroup.ca\\\/fr\\\/panier-de-droits\",\"url\":\"https:\\\/\\\/urbanindigenousactiongroup.ca\\\/fr\\\/panier-de-droits\",\"name\":\"Panier de Droits - Urban Indigenous Action Group\",\"isPartOf\":{\"@id\":\"https:\\\/\\\/urbanindigenousactiongroup.ca\\\/fr#website\"},\"datePublished\":\"2024-01-29T19:14:35+00:00\",\"dateModified\":\"2024-05-02T16:29:36+00:00\",\"description\":\"Les couvertures sont courantes dans toutes les cultures. Elles nous prot\u00e8gent, gardent nos b\u00e9b\u00e9s et a\u00een\u00e9s au chaud, reconnaissent notre relation les uns aux autres et sont une n\u00e9cessit\u00e9 de la vie.\",\"breadcrumb\":{\"@id\":\"https:\\\/\\\/urbanindigenousactiongroup.ca\\\/fr\\\/panier-de-droits#breadcrumb\"},\"inLanguage\":\"fr-FR\",\"potentialAction\":[{\"@type\":\"ReadAction\",\"target\":[\"https:\\\/\\\/urbanindigenousactiongroup.ca\\\/fr\\\/panier-de-droits\"]}]},{\"@type\":\"BreadcrumbList\",\"@id\":\"https:\\\/\\\/urbanindigenousactiongroup.ca\\\/fr\\\/panier-de-droits#breadcrumb\",\"itemListElement\":[{\"@type\":\"ListItem\",\"position\":1,\"name\":\"Home\",\"item\":\"https:\\\/\\\/urbanindigenousactiongroup.ca\\\/fr\"},{\"@type\":\"ListItem\",\"position\":2,\"name\":\"Panier de Droits\"}]},{\"@type\":\"WebSite\",\"@id\":\"https:\\\/\\\/urbanindigenousactiongroup.ca\\\/fr#website\",\"url\":\"https:\\\/\\\/urbanindigenousactiongroup.ca\\\/fr\",\"name\":\"Urban Indigenous Action Group\",\"description\":\"Tagline\",\"publisher\":{\"@id\":\"https:\\\/\\\/urbanindigenousactiongroup.ca\\\/fr#organization\"},\"potentialAction\":[{\"@type\":\"SearchAction\",\"target\":{\"@type\":\"EntryPoint\",\"urlTemplate\":\"https:\\\/\\\/urbanindigenousactiongroup.ca\\\/fr?s={search_term_string}\"},\"query-input\":{\"@type\":\"PropertyValueSpecification\",\"valueRequired\":true,\"valueName\":\"search_term_string\"}}],\"inLanguage\":\"fr-FR\"},{\"@type\":\"Organization\",\"@id\":\"https:\\\/\\\/urbanindigenousactiongroup.ca\\\/fr#organization\",\"name\":\"Urban Indigenous Action Group\",\"url\":\"https:\\\/\\\/urbanindigenousactiongroup.ca\\\/fr\",\"logo\":{\"@type\":\"ImageObject\",\"inLanguage\":\"fr-FR\",\"@id\":\"https:\\\/\\\/urbanindigenousactiongroup.ca\\\/fr#\\\/schema\\\/logo\\\/image\\\/\",\"url\":\"https:\\\/\\\/urbanindigenousactiongroup.ca\\\/wp-content\\\/uploads\\\/2024\\\/01\\\/Home-logo-1.svg\",\"contentUrl\":\"https:\\\/\\\/urbanindigenousactiongroup.ca\\\/wp-content\\\/uploads\\\/2024\\\/01\\\/Home-logo-1.svg\",\"width\":390,\"height\":180,\"caption\":\"Urban Indigenous Action Group\"},\"image\":{\"@id\":\"https:\\\/\\\/urbanindigenousactiongroup.ca\\\/fr#\\\/schema\\\/logo\\\/image\\\/\"},\"sameAs\":[\"https:\\\/\\\/www.facebook.com\\\/MMIWG2S.UrbanIndigenousActionGroup\"]}]}<\/script>\n<!-- \/ Yoast SEO plugin. -->","yoast_head_json":{"title":"Panier de Droits - Urban Indigenous Action Group","description":"Les couvertures sont courantes dans toutes les cultures. Elles nous prot\u00e8gent, gardent nos b\u00e9b\u00e9s et a\u00een\u00e9s au chaud, reconnaissent notre relation les uns aux autres et sont une n\u00e9cessit\u00e9 de la vie.","robots":{"index":"index","follow":"follow","max-snippet":"max-snippet:-1","max-image-preview":"max-image-preview:large","max-video-preview":"max-video-preview:-1"},"canonical":"https:\/\/urbanindigenousactiongroup.ca\/fr\/panier-de-droits","og_locale":"fr_FR","og_type":"article","og_title":"Panier de Droits - Urban Indigenous Action Group","og_description":"Les couvertures sont courantes dans toutes les cultures. Elles nous prot\u00e8gent, gardent nos b\u00e9b\u00e9s et a\u00een\u00e9s au chaud, reconnaissent notre relation les uns aux autres et sont une n\u00e9cessit\u00e9 de la vie.","og_url":"https:\/\/urbanindigenousactiongroup.ca\/fr\/panier-de-droits","og_site_name":"Urban Indigenous Action Group","article_publisher":"https:\/\/www.facebook.com\/MMIWG2S.UrbanIndigenousActionGroup","article_modified_time":"2024-05-02T16:29:36+00:00","twitter_card":"summary_large_image","twitter_misc":{"Dur\u00e9e de lecture estim\u00e9e":"14 minutes"},"schema":{"@context":"https:\/\/schema.org","@graph":[{"@type":"WebPage","@id":"https:\/\/urbanindigenousactiongroup.ca\/fr\/panier-de-droits","url":"https:\/\/urbanindigenousactiongroup.ca\/fr\/panier-de-droits","name":"Panier de Droits - Urban Indigenous Action Group","isPartOf":{"@id":"https:\/\/urbanindigenousactiongroup.ca\/fr#website"},"datePublished":"2024-01-29T19:14:35+00:00","dateModified":"2024-05-02T16:29:36+00:00","description":"Les couvertures sont courantes dans toutes les cultures. Elles nous prot\u00e8gent, gardent nos b\u00e9b\u00e9s et a\u00een\u00e9s au chaud, reconnaissent notre relation les uns aux autres et sont une n\u00e9cessit\u00e9 de la vie.","breadcrumb":{"@id":"https:\/\/urbanindigenousactiongroup.ca\/fr\/panier-de-droits#breadcrumb"},"inLanguage":"fr-FR","potentialAction":[{"@type":"ReadAction","target":["https:\/\/urbanindigenousactiongroup.ca\/fr\/panier-de-droits"]}]},{"@type":"BreadcrumbList","@id":"https:\/\/urbanindigenousactiongroup.ca\/fr\/panier-de-droits#breadcrumb","itemListElement":[{"@type":"ListItem","position":1,"name":"Home","item":"https:\/\/urbanindigenousactiongroup.ca\/fr"},{"@type":"ListItem","position":2,"name":"Panier de Droits"}]},{"@type":"WebSite","@id":"https:\/\/urbanindigenousactiongroup.ca\/fr#website","url":"https:\/\/urbanindigenousactiongroup.ca\/fr","name":"Urban Indigenous Action Group","description":"Tagline","publisher":{"@id":"https:\/\/urbanindigenousactiongroup.ca\/fr#organization"},"potentialAction":[{"@type":"SearchAction","target":{"@type":"EntryPoint","urlTemplate":"https:\/\/urbanindigenousactiongroup.ca\/fr?s={search_term_string}"},"query-input":{"@type":"PropertyValueSpecification","valueRequired":true,"valueName":"search_term_string"}}],"inLanguage":"fr-FR"},{"@type":"Organization","@id":"https:\/\/urbanindigenousactiongroup.ca\/fr#organization","name":"Urban Indigenous Action Group","url":"https:\/\/urbanindigenousactiongroup.ca\/fr","logo":{"@type":"ImageObject","inLanguage":"fr-FR","@id":"https:\/\/urbanindigenousactiongroup.ca\/fr#\/schema\/logo\/image\/","url":"https:\/\/urbanindigenousactiongroup.ca\/wp-content\/uploads\/2024\/01\/Home-logo-1.svg","contentUrl":"https:\/\/urbanindigenousactiongroup.ca\/wp-content\/uploads\/2024\/01\/Home-logo-1.svg","width":390,"height":180,"caption":"Urban Indigenous Action Group"},"image":{"@id":"https:\/\/urbanindigenousactiongroup.ca\/fr#\/schema\/logo\/image\/"},"sameAs":["https:\/\/www.facebook.com\/MMIWG2S.UrbanIndigenousActionGroup"]}]}},"_links":{"self":[{"href":"https:\/\/urbanindigenousactiongroup.ca\/fr\/wp-json\/wp\/v2\/pages\/1017","targetHints":{"allow":["GET"]}}],"collection":[{"href":"https:\/\/urbanindigenousactiongroup.ca\/fr\/wp-json\/wp\/v2\/pages"}],"about":[{"href":"https:\/\/urbanindigenousactiongroup.ca\/fr\/wp-json\/wp\/v2\/types\/page"}],"author":[{"embeddable":true,"href":"https:\/\/urbanindigenousactiongroup.ca\/fr\/wp-json\/wp\/v2\/users\/2"}],"replies":[{"embeddable":true,"href":"https:\/\/urbanindigenousactiongroup.ca\/fr\/wp-json\/wp\/v2\/comments?post=1017"}],"version-history":[{"count":0,"href":"https:\/\/urbanindigenousactiongroup.ca\/fr\/wp-json\/wp\/v2\/pages\/1017\/revisions"}],"wp:attachment":[{"href":"https:\/\/urbanindigenousactiongroup.ca\/fr\/wp-json\/wp\/v2\/media?parent=1017"}],"curies":[{"name":"wp","href":"https:\/\/api.w.org\/{rel}","templated":true}]}}