{"id":1701,"date":"2024-01-21T09:26:18","date_gmt":"2024-01-21T14:26:18","guid":{"rendered":"https:\/\/urbanindigenousactiongroup.ca\/?post_type=tribe_events&#038;p=1701"},"modified":"2024-05-21T13:03:35","modified_gmt":"2024-05-21T17:03:35","slug":"danse-en-rond-commemorative-pour-les-ffada2s","status":"publish","type":"tribe_events","link":"https:\/\/urbanindigenousactiongroup.ca\/fr\/event\/danse-en-rond-commemorative-pour-les-ffada2s","title":{"rendered":"Danse ronde comm\u00e9morative pour les FFADA2S+"},"content":{"rendered":"<p>Le 3 juin marque le 5\u00e8me anniversaire de la publication des appels \u00e0 la justice dans l&rsquo;Enqu\u00eate nationale sur les femmes et les filles autochtones disparues et assassin\u00e9es, ainsi que les personnes 2SLGBTQI+, et le 3\u00e8me anniversaire du lancement du Plan d&rsquo;action national et du Cheminement f\u00e9d\u00e9ral pour aborder la question des femmes, filles et personnes 2SLGBTQI+ autochtones disparues et assassin\u00e9es.<\/p>\n<p>Nous co-organisons cet \u00e9v\u00e9nement avec l&rsquo;Assembl\u00e9e des 7 g\u00e9n\u00e9rations, les Familles des S\u0153urs par l&rsquo;esprit, la Coalition d&rsquo;Ottawa pour mettre fin \u00e0 la violence faite aux femmes (OCTEVAW) et les Femmes de la Nation M\u00e9tisse &#8211; Les Femmes Michif Otipemisiwak.<\/p>\n<p>La danse ronde sera le 3 juin, sur la colline du Parlement, Ottawa &#8211; Nous chanterons et danserons en m\u00e9moire des survivantes et des familles des FFADA2S+. \u00c0 bient\u00f4t!<\/p>\n<p>\u00c0 bient\u00f4t!<\/p>\n","protected":false},"excerpt":{"rendered":"<p>Le 3 juin marque le 5\u00e8me anniversaire de la publication des appels \u00e0 la justice [&hellip;]<\/p>\n","protected":false},"author":5,"featured_media":1174,"template":"","meta":{"_acf_changed":false,"_exactmetrics_skip_tracking":false,"_exactmetrics_sitenote_active":false,"_exactmetrics_sitenote_note":"","_exactmetrics_sitenote_category":0,"_tribe_events_status":"","_tribe_events_status_reason":"","footnotes":""},"tags":[],"tribe_events_cat":[],"class_list":["post-1701","tribe_events","type-tribe_events","status-publish","has-post-thumbnail","hentry"],"acf":[],"yoast_head":"<!-- This site is optimized with the Yoast SEO plugin v27.5 - https:\/\/yoast.com\/product\/yoast-seo-wordpress\/ -->\n<title>Danse ronde comm\u00e9morative pour les FFADA2S+ - Urban Indigenous Action Group<\/title>\n<meta name=\"description\" content=\"Le 3 juin, sur la Colline du Parlement, Ottawa. Nous chanterons et danserons en m\u00e9moire des survivantes et des familles des FFADA2S+.\" \/>\n<meta name=\"robots\" content=\"index, follow, max-snippet:-1, max-image-preview:large, max-video-preview:-1\" \/>\n<link rel=\"canonical\" href=\"https:\/\/urbanindigenousactiongroup.ca\/fr\/event\/danse-en-rond-commemorative-pour-les-ffada2s\" \/>\n<meta property=\"og:locale\" content=\"fr_FR\" \/>\n<meta property=\"og:type\" content=\"article\" \/>\n<meta property=\"og:title\" content=\"Danse ronde comm\u00e9morative pour les FFADA2S+ - Urban Indigenous Action Group\" \/>\n<meta property=\"og:description\" content=\"Le 3 juin, sur la Colline du Parlement, Ottawa. Nous chanterons et danserons en m\u00e9moire des survivantes et des familles des FFADA2S+.\" \/>\n<meta property=\"og:url\" content=\"https:\/\/urbanindigenousactiongroup.ca\/fr\/event\/danse-en-rond-commemorative-pour-les-ffada2s\" \/>\n<meta property=\"og:site_name\" content=\"Urban Indigenous Action Group\" \/>\n<meta property=\"article:publisher\" content=\"https:\/\/www.facebook.com\/MMIWG2S.UrbanIndigenousActionGroup\" \/>\n<meta property=\"article:modified_time\" content=\"2024-05-21T17:03:35+00:00\" \/>\n<meta property=\"og:image\" content=\"https:\/\/urbanindigenousactiongroup.ca\/wp-content\/uploads\/2024\/04\/Ribbons-scaled.jpg\" \/>\n\t<meta property=\"og:image:width\" content=\"2560\" \/>\n\t<meta property=\"og:image:height\" content=\"1707\" \/>\n\t<meta property=\"og:image:type\" content=\"image\/jpeg\" \/>\n<meta name=\"twitter:card\" content=\"summary_large_image\" \/>\n<meta name=\"twitter:label1\" content=\"Dur\u00e9e de lecture estim\u00e9e\" \/>\n\t<meta name=\"twitter:data1\" content=\"1 minute\" \/>\n<script type=\"application\/ld+json\" class=\"yoast-schema-graph\">{\"@context\":\"https:\\\/\\\/schema.org\",\"@graph\":[{\"@type\":\"WebPage\",\"@id\":\"https:\\\/\\\/urbanindigenousactiongroup.ca\\\/fr\\\/event\\\/danse-en-rond-commemorative-pour-les-ffada2s\",\"url\":\"https:\\\/\\\/urbanindigenousactiongroup.ca\\\/fr\\\/event\\\/danse-en-rond-commemorative-pour-les-ffada2s\",\"name\":\"Danse ronde comm\u00e9morative pour les FFADA2S+ - Urban Indigenous Action Group\",\"isPartOf\":{\"@id\":\"https:\\\/\\\/urbanindigenousactiongroup.ca\\\/fr#website\"},\"primaryImageOfPage\":{\"@id\":\"https:\\\/\\\/urbanindigenousactiongroup.ca\\\/fr\\\/event\\\/danse-en-rond-commemorative-pour-les-ffada2s#primaryimage\"},\"image\":{\"@id\":\"https:\\\/\\\/urbanindigenousactiongroup.ca\\\/fr\\\/event\\\/danse-en-rond-commemorative-pour-les-ffada2s#primaryimage\"},\"thumbnailUrl\":\"https:\\\/\\\/urbanindigenousactiongroup.ca\\\/wp-content\\\/uploads\\\/2024\\\/04\\\/Ribbons-scaled.jpg\",\"datePublished\":\"2024-01-21T14:26:18+00:00\",\"dateModified\":\"2024-05-21T17:03:35+00:00\",\"description\":\"Le 3 juin, sur la Colline du Parlement, Ottawa. Nous chanterons et danserons en m\u00e9moire des survivantes et des familles des FFADA2S+.\",\"breadcrumb\":{\"@id\":\"https:\\\/\\\/urbanindigenousactiongroup.ca\\\/fr\\\/event\\\/danse-en-rond-commemorative-pour-les-ffada2s#breadcrumb\"},\"inLanguage\":\"fr-FR\",\"potentialAction\":[{\"@type\":\"ReadAction\",\"target\":[\"https:\\\/\\\/urbanindigenousactiongroup.ca\\\/fr\\\/event\\\/danse-en-rond-commemorative-pour-les-ffada2s\"]}]},{\"@type\":\"ImageObject\",\"inLanguage\":\"fr-FR\",\"@id\":\"https:\\\/\\\/urbanindigenousactiongroup.ca\\\/fr\\\/event\\\/danse-en-rond-commemorative-pour-les-ffada2s#primaryimage\",\"url\":\"https:\\\/\\\/urbanindigenousactiongroup.ca\\\/wp-content\\\/uploads\\\/2024\\\/04\\\/Ribbons-scaled.jpg\",\"contentUrl\":\"https:\\\/\\\/urbanindigenousactiongroup.ca\\\/wp-content\\\/uploads\\\/2024\\\/04\\\/Ribbons-scaled.jpg\",\"width\":2560,\"height\":1707,\"caption\":\"Une femme aux longs ongles rouges attache un ruban rouge \u00e0 un arbre pour comm\u00e9morer un \u00eatre-cher touch\u00e9 par la crise des femmes, des filles et des personnes Autochtones disparues ou assassin\u00e9es.\"},{\"@type\":\"BreadcrumbList\",\"@id\":\"https:\\\/\\\/urbanindigenousactiongroup.ca\\\/fr\\\/event\\\/danse-en-rond-commemorative-pour-les-ffada2s#breadcrumb\",\"itemListElement\":[{\"@type\":\"ListItem\",\"position\":1,\"name\":\"Home\",\"item\":\"https:\\\/\\\/urbanindigenousactiongroup.ca\\\/fr\"},{\"@type\":\"ListItem\",\"position\":2,\"name\":\"\u00c9v\u00e8nements\",\"item\":\"https:\\\/\\\/urbanindigenousactiongroup.ca\\\/fr\\\/events\\\/\"},{\"@type\":\"ListItem\",\"position\":3,\"name\":\"Danse ronde comm\u00e9morative pour les FFADA2S+\"}]},{\"@type\":\"WebSite\",\"@id\":\"https:\\\/\\\/urbanindigenousactiongroup.ca\\\/fr#website\",\"url\":\"https:\\\/\\\/urbanindigenousactiongroup.ca\\\/fr\",\"name\":\"Urban Indigenous Action Group\",\"description\":\"Tagline\",\"publisher\":{\"@id\":\"https:\\\/\\\/urbanindigenousactiongroup.ca\\\/fr#organization\"},\"potentialAction\":[{\"@type\":\"SearchAction\",\"target\":{\"@type\":\"EntryPoint\",\"urlTemplate\":\"https:\\\/\\\/urbanindigenousactiongroup.ca\\\/fr?s={search_term_string}\"},\"query-input\":{\"@type\":\"PropertyValueSpecification\",\"valueRequired\":true,\"valueName\":\"search_term_string\"}}],\"inLanguage\":\"fr-FR\"},{\"@type\":\"Organization\",\"@id\":\"https:\\\/\\\/urbanindigenousactiongroup.ca\\\/fr#organization\",\"name\":\"Urban Indigenous Action Group\",\"url\":\"https:\\\/\\\/urbanindigenousactiongroup.ca\\\/fr\",\"logo\":{\"@type\":\"ImageObject\",\"inLanguage\":\"fr-FR\",\"@id\":\"https:\\\/\\\/urbanindigenousactiongroup.ca\\\/fr#\\\/schema\\\/logo\\\/image\\\/\",\"url\":\"https:\\\/\\\/urbanindigenousactiongroup.ca\\\/wp-content\\\/uploads\\\/2024\\\/01\\\/Home-logo-1.svg\",\"contentUrl\":\"https:\\\/\\\/urbanindigenousactiongroup.ca\\\/wp-content\\\/uploads\\\/2024\\\/01\\\/Home-logo-1.svg\",\"width\":390,\"height\":180,\"caption\":\"Urban Indigenous Action Group\"},\"image\":{\"@id\":\"https:\\\/\\\/urbanindigenousactiongroup.ca\\\/fr#\\\/schema\\\/logo\\\/image\\\/\"},\"sameAs\":[\"https:\\\/\\\/www.facebook.com\\\/MMIWG2S.UrbanIndigenousActionGroup\"]}]}<\/script>\n<!-- \/ Yoast SEO plugin. -->","yoast_head_json":{"title":"Danse ronde comm\u00e9morative pour les FFADA2S+ - Urban Indigenous Action Group","description":"Le 3 juin, sur la Colline du Parlement, Ottawa. Nous chanterons et danserons en m\u00e9moire des survivantes et des familles des FFADA2S+.","robots":{"index":"index","follow":"follow","max-snippet":"max-snippet:-1","max-image-preview":"max-image-preview:large","max-video-preview":"max-video-preview:-1"},"canonical":"https:\/\/urbanindigenousactiongroup.ca\/fr\/event\/danse-en-rond-commemorative-pour-les-ffada2s","og_locale":"fr_FR","og_type":"article","og_title":"Danse ronde comm\u00e9morative pour les FFADA2S+ - Urban Indigenous Action Group","og_description":"Le 3 juin, sur la Colline du Parlement, Ottawa. Nous chanterons et danserons en m\u00e9moire des survivantes et des familles des FFADA2S+.","og_url":"https:\/\/urbanindigenousactiongroup.ca\/fr\/event\/danse-en-rond-commemorative-pour-les-ffada2s","og_site_name":"Urban Indigenous Action Group","article_publisher":"https:\/\/www.facebook.com\/MMIWG2S.UrbanIndigenousActionGroup","article_modified_time":"2024-05-21T17:03:35+00:00","og_image":[{"width":2560,"height":1707,"url":"https:\/\/urbanindigenousactiongroup.ca\/wp-content\/uploads\/2024\/04\/Ribbons-scaled.jpg","type":"image\/jpeg"}],"twitter_card":"summary_large_image","twitter_misc":{"Dur\u00e9e de lecture estim\u00e9e":"1 minute"},"schema":{"@context":"https:\/\/schema.org","@graph":[{"@type":"WebPage","@id":"https:\/\/urbanindigenousactiongroup.ca\/fr\/event\/danse-en-rond-commemorative-pour-les-ffada2s","url":"https:\/\/urbanindigenousactiongroup.ca\/fr\/event\/danse-en-rond-commemorative-pour-les-ffada2s","name":"Danse ronde comm\u00e9morative pour les FFADA2S+ - Urban Indigenous Action Group","isPartOf":{"@id":"https:\/\/urbanindigenousactiongroup.ca\/fr#website"},"primaryImageOfPage":{"@id":"https:\/\/urbanindigenousactiongroup.ca\/fr\/event\/danse-en-rond-commemorative-pour-les-ffada2s#primaryimage"},"image":{"@id":"https:\/\/urbanindigenousactiongroup.ca\/fr\/event\/danse-en-rond-commemorative-pour-les-ffada2s#primaryimage"},"thumbnailUrl":"https:\/\/urbanindigenousactiongroup.ca\/wp-content\/uploads\/2024\/04\/Ribbons-scaled.jpg","datePublished":"2024-01-21T14:26:18+00:00","dateModified":"2024-05-21T17:03:35+00:00","description":"Le 3 juin, sur la Colline du Parlement, Ottawa. Nous chanterons et danserons en m\u00e9moire des survivantes et des familles des FFADA2S+.","breadcrumb":{"@id":"https:\/\/urbanindigenousactiongroup.ca\/fr\/event\/danse-en-rond-commemorative-pour-les-ffada2s#breadcrumb"},"inLanguage":"fr-FR","potentialAction":[{"@type":"ReadAction","target":["https:\/\/urbanindigenousactiongroup.ca\/fr\/event\/danse-en-rond-commemorative-pour-les-ffada2s"]}]},{"@type":"ImageObject","inLanguage":"fr-FR","@id":"https:\/\/urbanindigenousactiongroup.ca\/fr\/event\/danse-en-rond-commemorative-pour-les-ffada2s#primaryimage","url":"https:\/\/urbanindigenousactiongroup.ca\/wp-content\/uploads\/2024\/04\/Ribbons-scaled.jpg","contentUrl":"https:\/\/urbanindigenousactiongroup.ca\/wp-content\/uploads\/2024\/04\/Ribbons-scaled.jpg","width":2560,"height":1707,"caption":"Une femme aux longs ongles rouges attache un ruban rouge \u00e0 un arbre pour comm\u00e9morer un \u00eatre-cher touch\u00e9 par la crise des femmes, des filles et des personnes Autochtones disparues ou assassin\u00e9es."},{"@type":"BreadcrumbList","@id":"https:\/\/urbanindigenousactiongroup.ca\/fr\/event\/danse-en-rond-commemorative-pour-les-ffada2s#breadcrumb","itemListElement":[{"@type":"ListItem","position":1,"name":"Home","item":"https:\/\/urbanindigenousactiongroup.ca\/fr"},{"@type":"ListItem","position":2,"name":"\u00c9v\u00e8nements","item":"https:\/\/urbanindigenousactiongroup.ca\/fr\/events\/"},{"@type":"ListItem","position":3,"name":"Danse ronde comm\u00e9morative pour les FFADA2S+"}]},{"@type":"WebSite","@id":"https:\/\/urbanindigenousactiongroup.ca\/fr#website","url":"https:\/\/urbanindigenousactiongroup.ca\/fr","name":"Urban Indigenous Action Group","description":"Tagline","publisher":{"@id":"https:\/\/urbanindigenousactiongroup.ca\/fr#organization"},"potentialAction":[{"@type":"SearchAction","target":{"@type":"EntryPoint","urlTemplate":"https:\/\/urbanindigenousactiongroup.ca\/fr?s={search_term_string}"},"query-input":{"@type":"PropertyValueSpecification","valueRequired":true,"valueName":"search_term_string"}}],"inLanguage":"fr-FR"},{"@type":"Organization","@id":"https:\/\/urbanindigenousactiongroup.ca\/fr#organization","name":"Urban Indigenous Action Group","url":"https:\/\/urbanindigenousactiongroup.ca\/fr","logo":{"@type":"ImageObject","inLanguage":"fr-FR","@id":"https:\/\/urbanindigenousactiongroup.ca\/fr#\/schema\/logo\/image\/","url":"https:\/\/urbanindigenousactiongroup.ca\/wp-content\/uploads\/2024\/01\/Home-logo-1.svg","contentUrl":"https:\/\/urbanindigenousactiongroup.ca\/wp-content\/uploads\/2024\/01\/Home-logo-1.svg","width":390,"height":180,"caption":"Urban Indigenous Action Group"},"image":{"@id":"https:\/\/urbanindigenousactiongroup.ca\/fr#\/schema\/logo\/image\/"},"sameAs":["https:\/\/www.facebook.com\/MMIWG2S.UrbanIndigenousActionGroup"]}]}},"_links":{"self":[{"href":"https:\/\/urbanindigenousactiongroup.ca\/fr\/wp-json\/wp\/v2\/tribe_events\/1701","targetHints":{"allow":["GET"]}}],"collection":[{"href":"https:\/\/urbanindigenousactiongroup.ca\/fr\/wp-json\/wp\/v2\/tribe_events"}],"about":[{"href":"https:\/\/urbanindigenousactiongroup.ca\/fr\/wp-json\/wp\/v2\/types\/tribe_events"}],"author":[{"embeddable":true,"href":"https:\/\/urbanindigenousactiongroup.ca\/fr\/wp-json\/wp\/v2\/users\/5"}],"version-history":[{"count":0,"href":"https:\/\/urbanindigenousactiongroup.ca\/fr\/wp-json\/wp\/v2\/tribe_events\/1701\/revisions"}],"wp:featuredmedia":[{"embeddable":true,"href":"https:\/\/urbanindigenousactiongroup.ca\/fr\/wp-json\/wp\/v2\/media\/1174"}],"wp:attachment":[{"href":"https:\/\/urbanindigenousactiongroup.ca\/fr\/wp-json\/wp\/v2\/media?parent=1701"}],"wp:term":[{"taxonomy":"post_tag","embeddable":true,"href":"https:\/\/urbanindigenousactiongroup.ca\/fr\/wp-json\/wp\/v2\/tags?post=1701"},{"taxonomy":"tribe_events_cat","embeddable":true,"href":"https:\/\/urbanindigenousactiongroup.ca\/fr\/wp-json\/wp\/v2\/tribe_events_cat?post=1701"}],"curies":[{"name":"wp","href":"https:\/\/api.w.org\/{rel}","templated":true}]}}